{"id":4747,"date":"2023-10-25T07:53:58","date_gmt":"2023-10-25T07:53:58","guid":{"rendered":"https:\/\/23web26.esedigital-dev.ovh\/?page_id=4747"},"modified":"2024-07-03T11:24:12","modified_gmt":"2024-07-03T11:24:12","slug":"actualidad","status":"publish","type":"page","link":"https:\/\/improven.com\/cat\/actualitat\/","title":{"rendered":"Actualitat"},"content":{"rendered":"<div data-elementor-type=\"wp-page\" data-elementor-id=\"4747\" class=\"elementor elementor-4747\" data-elementor-post-type=\"page\">\n\t\t\t\t\t\t\t<div class=\"elementor-element elementor-element-15255cb0 e-flex e-con-boxed elementor-invisible e-con e-parent\" data-id=\"15255cb0\" data-element_type=\"container\" id=\"portada-iv256\" data-settings=\"{&quot;background_background&quot;:&quot;video&quot;,&quot;background_video_link&quot;:&quot;\\\/wp-content\\\/uploads\\\/2023\\\/08\\\/new-video-banner.mp4&quot;,&quot;background_play_on_mobile&quot;:&quot;yes&quot;,&quot;shape_divider_bottom&quot;:&quot;triangle-asymmetrical&quot;,&quot;animation&quot;:&quot;fadeIn&quot;,&quot;content_width&quot;:&quot;boxed&quot;}\" data-core-v316-plus=\"true\">\n\t\t\t\t\t<div class=\"e-con-inner\">\n\t\t<div class=\"elementor-background-video-container\">\n\t\t\t\t\t\t\t<video class=\"elementor-background-video-hosted elementor-html5-video\" autoplay muted playsinline loop><\/video>\n\t\t\t\t\t<\/div>\t\t<div class=\"elementor-shape elementor-shape-bottom\" data-negative=\"false\">\n\t\t\t<svg xmlns=\"http:\/\/www.w3.org\/2000\/svg\" viewbox=\"0 0 1000 100\" preserveaspectratio=\"none\">\n\t<path class=\"elementor-shape-fill\" d=\"M738,99l262-93V0H0v5.6L738,99z\"\/>\n<\/svg>\t\t<\/div>\n\t\t\t\t<div class=\"elementor-element elementor-element-44079175 elementor-widget__width-initial elementor-invisible elementor-widget elementor-widget-html\" data-id=\"44079175\" data-element_type=\"widget\" data-settings=\"{&quot;_animation&quot;:&quot;fadeIn&quot;,&quot;_animation_delay&quot;:600}\" data-widget_type=\"html.default\">\n\t\t\t\t<div class=\"elementor-widget-container\">\n\t\t\t<div class=\"text-container\">\n        <h1 class=\"animated-text fade-up\">Actualitat<\/h1>\n    <\/div>\n    \n    \t\t<\/div>\n\t\t\t\t<\/div>\n\t\t\t\t<div class=\"elementor-element elementor-element-6585c313 elementor-widget__width-initial elementor-widget-mobile__width-inherit elementor-invisible elementor-widget elementor-widget-html\" data-id=\"6585c313\" data-element_type=\"widget\" data-settings=\"{&quot;_animation&quot;:&quot;fadeIn&quot;,&quot;_animation_delay&quot;:600}\" data-widget_type=\"html.default\">\n\t\t\t\t<div class=\"elementor-widget-container\">\n\t\t\t<p class=\"fade-up description\" style=\"color:white\">\nAqu\u00ed trobar\u00e0s les \u00faltimes novetats, not\u00edcies, entrevistes, esdeveniments i publicacions en revistes d'actualitat econ\u00f2mica. Et convidem a submergir-te en aquest rac\u00f3 on hem bolcat la nostra creativitat i experi\u00e8ncia. Porta la teva empresa al seg\u00fcent nivell.\n<\/p>\n\n\t\t<\/div>\n\t\t\t\t<\/div>\n\t\t\t\t\t<\/div>\n\t\t\t\t<\/div>\n\t\t<div class=\"elementor-element elementor-element-5fb37577 e-flex e-con-boxed e-con e-parent\" data-id=\"5fb37577\" data-element_type=\"container\" data-settings=\"{&quot;background_background&quot;:&quot;classic&quot;,&quot;content_width&quot;:&quot;boxed&quot;}\" data-core-v316-plus=\"true\">\n\t\t\t\t\t<div class=\"e-con-inner\">\n\t\t<div class=\"elementor-element elementor-element-7a2a55f e-con-full e-flex e-con e-child\" data-id=\"7a2a55f\" data-element_type=\"container\" data-settings=\"{&quot;content_width&quot;:&quot;full&quot;}\">\n\t\t\t\t<div class=\"elementor-element elementor-element-7530a23c elementor-grid-3 elementor-grid-tablet-2 elementor-grid-mobile-1 elementor-widget elementor-widget-loop-grid\" data-id=\"7530a23c\" data-element_type=\"widget\" data-settings=\"{&quot;template_id&quot;:&quot;271&quot;,&quot;pagination_type&quot;:&quot;numbers_and_prev_next&quot;,&quot;_skin&quot;:&quot;post&quot;,&quot;columns&quot;:&quot;3&quot;,&quot;columns_tablet&quot;:&quot;2&quot;,&quot;columns_mobile&quot;:&quot;1&quot;,&quot;edit_handle_selector&quot;:&quot;[data-elementor-type=\\&quot;loop-item\\&quot;]&quot;,&quot;row_gap&quot;:{&quot;unit&quot;:&quot;px&quot;,&quot;size&quot;:&quot;&quot;,&quot;sizes&quot;:[]},&quot;row_gap_laptop&quot;:{&quot;unit&quot;:&quot;px&quot;,&quot;size&quot;:&quot;&quot;,&quot;sizes&quot;:[]},&quot;row_gap_tablet&quot;:{&quot;unit&quot;:&quot;px&quot;,&quot;size&quot;:&quot;&quot;,&quot;sizes&quot;:[]},&quot;row_gap_mobile&quot;:{&quot;unit&quot;:&quot;px&quot;,&quot;size&quot;:&quot;&quot;,&quot;sizes&quot;:[]}}\" data-widget_type=\"loop-grid.post\">\n\t\t\t\t<div class=\"elementor-widget-container\">\n\t\t\t<link rel=\"stylesheet\" href=\"https:\/\/improven.com\/wp-content\/plugins\/elementor-pro\/assets\/css\/widget-loop-builder.min.css\">\t\t<div class=\"elementor-loop-container elementor-grid\">\n\t\t<style id=\"loop-271\">.elementor-271 .elementor-element.elementor-element-21bda1b{--display:flex;--flex-direction:column;--container-widget-width:calc( ( 1 - var( --container-widget-flex-grow ) ) * 100% );--container-widget-height:initial;--container-widget-flex-grow:0;--container-widget-align-self:initial;--align-items:flex-start;--overflow:hidden;--background-transition:0.3s;--margin-block-start:0px;--margin-block-end:0px;--margin-inline-start:0px;--margin-inline-end:0px;--padding-block-start:0px;--padding-block-end:0px;--padding-inline-start:0px;--padding-inline-end:0px;}.elementor-271 .elementor-element.elementor-element-71d7d9c{text-align:left;}.elementor-271 .elementor-element.elementor-element-71d7d9c img{width:100%;height:100%;}.elementor-271 .elementor-element.elementor-element-71d7d9c > .elementor-widget-container:hover{--e-transform-scale:1.05;}.elementor-271 .elementor-element.elementor-element-6c7d9d5{--display:flex;--gap:10px 0px;--background-transition:0.3s;--padding-block-start:20px;--padding-block-end:20px;--padding-inline-start:10px;--padding-inline-end:20px;}.elementor-271 .elementor-element.elementor-element-181556a .elementor-icon-list-icon{width:14px;}.elementor-271 .elementor-element.elementor-element-181556a .elementor-icon-list-icon i{font-size:14px;}.elementor-271 .elementor-element.elementor-element-181556a .elementor-icon-list-icon svg{--e-icon-list-icon-size:14px;}.elementor-271 .elementor-element.elementor-element-181556a .elementor-icon-list-text, .elementor-271 .elementor-element.elementor-element-181556a .elementor-icon-list-text a{color:var( --e-global-color-primary );}.elementor-271 .elementor-element.elementor-element-181556a .elementor-icon-list-item{font-family:\"Poppins\", Sans-serif;font-size:13px;font-weight:500;}.elementor-271 .elementor-element.elementor-element-6d46bce .elementor-heading-title{font-family:\"Poppins\", Sans-serif;font-size:16px;font-weight:600;line-height:1em;}\/* Start custom CSS for theme-post-title, class: .elementor-element-6d46bce *\/.elementor-271 .elementor-element.elementor-element-6d46bce a:hover{\n    text-decoration: underline;\n}\/* End custom CSS *\/<\/style>\t\t<div data-elementor-type=\"loop-item\" data-elementor-id=\"271\" class=\"elementor elementor-271 e-loop-item e-loop-item-18827 post-18827 post type-post status-publish format-standard has-post-thumbnail hentry category-actualidad category-estrategia\" data-elementor-post-type=\"elementor_library\" data-custom-edit-handle=\"1\">\n\t\t\t\t\t\t<div class=\"elementor-element elementor-element-21bda1b e-flex e-con-boxed e-con e-parent\" data-id=\"21bda1b\" data-element_type=\"container\" data-settings=\"{&quot;content_width&quot;:&quot;boxed&quot;}\" data-core-v316-plus=\"true\">\n\t\t\t\t\t<div class=\"e-con-inner\">\n\t\t\t\t<div class=\"elementor-element elementor-element-71d7d9c e-transform elementor-widget elementor-widget-theme-post-featured-image elementor-widget-image\" data-id=\"71d7d9c\" data-element_type=\"widget\" data-settings=\"{&quot;_transform_scale_effect_hover&quot;:{&quot;unit&quot;:&quot;px&quot;,&quot;size&quot;:1.05,&quot;sizes&quot;:[]},&quot;_transform_scale_effect_hover_laptop&quot;:{&quot;unit&quot;:&quot;px&quot;,&quot;size&quot;:&quot;&quot;,&quot;sizes&quot;:[]},&quot;_transform_scale_effect_hover_tablet&quot;:{&quot;unit&quot;:&quot;px&quot;,&quot;size&quot;:&quot;&quot;,&quot;sizes&quot;:[]},&quot;_transform_scale_effect_hover_mobile&quot;:{&quot;unit&quot;:&quot;px&quot;,&quot;size&quot;:&quot;&quot;,&quot;sizes&quot;:[]}}\" data-widget_type=\"theme-post-featured-image.default\">\n\t\t\t\t<div class=\"elementor-widget-container\">\n\t\t\t<style>\/*! elementor - v3.17.0 - 01-11-2023 *\/\n.elementor-widget-image{text-align:center}.elementor-widget-image a{display:inline-block}.elementor-widget-image a img[src$=\".svg\"]{width:48px}.elementor-widget-image img{vertical-align:middle;display:inline-block}<\/style>\t\t\t\t\t\t\t\t\t\t\t\t\t<a href=\"https:\/\/improven.com\/cat\/actualidad\/resiliencia-tecnologica-la-asignatura-pendiente-de-las-empresas-tras-la-dana\/\">\n\t\t\t\t\t\t\t<img loading=\"lazy\" decoding=\"async\" width=\"1200\" height=\"522\" src=\"https:\/\/improven.com\/wp-content\/uploads\/2026\/04\/Resiliencia-tecnologica.jpg\" class=\"attachment-full size-full wp-image-18831\" alt=\"Resiliencia tecnol\u00f3gica\" srcset=\"https:\/\/improven.com\/wp-content\/uploads\/2026\/04\/Resiliencia-tecnologica.jpg 1200w, https:\/\/improven.com\/wp-content\/uploads\/2026\/04\/Resiliencia-tecnologica-300x131.jpg 300w, https:\/\/improven.com\/wp-content\/uploads\/2026\/04\/Resiliencia-tecnologica-1024x445.jpg 1024w, https:\/\/improven.com\/wp-content\/uploads\/2026\/04\/Resiliencia-tecnologica-768x334.jpg 768w, https:\/\/improven.com\/wp-content\/uploads\/2026\/04\/Resiliencia-tecnologica-18x8.jpg 18w\" sizes=\"auto, (max-width: 1200px) 100vw, 1200px\" \/>\t\t\t\t\t\t\t\t<\/a>\n\t\t\t\t\t\t\t\t\t\t\t\t\t\t\t<\/div>\n\t\t\t\t<\/div>\n\t\t<div class=\"elementor-element elementor-element-6c7d9d5 e-flex e-con-boxed e-con e-child\" data-id=\"6c7d9d5\" data-element_type=\"container\" data-settings=\"{&quot;content_width&quot;:&quot;boxed&quot;}\">\n\t\t\t\t\t<div class=\"e-con-inner\">\n\t\t\t\t<div class=\"elementor-element elementor-element-181556a elementor-widget elementor-widget-post-info\" data-id=\"181556a\" data-element_type=\"widget\" data-widget_type=\"post-info.default\">\n\t\t\t\t<div class=\"elementor-widget-container\">\n\t\t\t<link rel=\"stylesheet\" href=\"https:\/\/improven.com\/wp-content\/uploads\/elementor\/css\/custom-widget-icon-list.min.css?ver=1758120103\"><link rel=\"stylesheet\" href=\"https:\/\/improven.com\/wp-content\/plugins\/elementor-pro\/assets\/css\/widget-theme-elements.min.css\">\t\t<ul class=\"elementor-inline-items elementor-icon-list-items elementor-post-info\">\n\t\t\t\t\t\t\t\t<li class=\"elementor-icon-list-item elementor-repeater-item-8712074 elementor-inline-item\" itemprop=\"about\">\n\t\t\t\t\t\t\t\t\t\t\t\t\t<span class=\"elementor-icon-list-text elementor-post-info__item elementor-post-info__item--type-terms\">\n\t\t\t\t\t\t\t\t\t\t<span class=\"elementor-post-info__terms-list\">\n\t\t\t\t<span class=\"elementor-post-info__terms-list-item\">Actualitat<\/span>, <span class=\"elementor-post-info__terms-list-item\">Estrat\u00e8gia<\/span>\t\t\t\t<\/span>\n\t\t\t\t\t<\/span>\n\t\t\t\t\t\t\t\t<\/li>\n\t\t\t\t<li class=\"elementor-icon-list-item elementor-repeater-item-a2050ca elementor-inline-item\" itemprop=\"datePublished\">\n\t\t\t\t\t\t\t\t\t\t\t\t\t<span class=\"elementor-icon-list-text elementor-post-info__item elementor-post-info__item--type-date\">\n\t\t\t\t\t\t\t<span class=\"elementor-post-info__item-prefix\">-<\/span>\n\t\t\t\t\t\t\t\t\t\tabril  2026\t\t\t\t\t<\/span>\n\t\t\t\t\t\t\t\t<\/li>\n\t\t\t\t<\/ul>\n\t\t\t\t<\/div>\n\t\t\t\t<\/div>\n\t\t\t\t<div class=\"elementor-element elementor-element-6d46bce elementor-widget elementor-widget-theme-post-title elementor-page-title elementor-widget-heading\" data-id=\"6d46bce\" data-element_type=\"widget\" data-widget_type=\"theme-post-title.default\">\n\t\t\t\t<div class=\"elementor-widget-container\">\n\t\t\t<style>\/*! elementor - v3.17.0 - 01-11-2023 *\/\n.elementor-heading-title{padding:0;margin:0;line-height:1}.elementor-widget-heading .elementor-heading-title[class*=elementor-size-]>a{color:inherit;font-size:inherit;line-height:inherit}.elementor-widget-heading .elementor-heading-title.elementor-size-small{font-size:15px}.elementor-widget-heading .elementor-heading-title.elementor-size-medium{font-size:19px}.elementor-widget-heading .elementor-heading-title.elementor-size-large{font-size:29px}.elementor-widget-heading .elementor-heading-title.elementor-size-xl{font-size:39px}.elementor-widget-heading .elementor-heading-title.elementor-size-xxl{font-size:59px}<\/style><span class=\"elementor-heading-title elementor-size-default\"><a href=\"https:\/\/improven.com\/cat\/actualidad\/resiliencia-tecnologica-la-asignatura-pendiente-de-las-empresas-tras-la-dana\/\">Resiliencia tecnol\u00f3gica: la asignatura pendiente de las empresas tras la DANA<\/a><\/span>\t\t<\/div>\n\t\t\t\t<\/div>\n\t\t\t\t\t<\/div>\n\t\t\t\t<\/div>\n\t\t\t\t\t<\/div>\n\t\t\t\t<\/div>\n\t\t\t\t\t\t<\/div>\n\t\t\t\t<div data-elementor-type=\"loop-item\" data-elementor-id=\"271\" class=\"elementor elementor-271 e-loop-item e-loop-item-18809 post-18809 post type-post status-publish format-standard has-post-thumbnail hentry category-actualidad category-estrategia\" data-elementor-post-type=\"elementor_library\" data-custom-edit-handle=\"1\">\n\t\t\t\t\t\t<div class=\"elementor-element elementor-element-21bda1b e-flex e-con-boxed e-con e-parent\" data-id=\"21bda1b\" data-element_type=\"container\" data-settings=\"{&quot;content_width&quot;:&quot;boxed&quot;}\" data-core-v316-plus=\"true\">\n\t\t\t\t\t<div class=\"e-con-inner\">\n\t\t\t\t<div class=\"elementor-element elementor-element-71d7d9c e-transform elementor-widget elementor-widget-theme-post-featured-image elementor-widget-image\" data-id=\"71d7d9c\" data-element_type=\"widget\" data-settings=\"{&quot;_transform_scale_effect_hover&quot;:{&quot;unit&quot;:&quot;px&quot;,&quot;size&quot;:1.05,&quot;sizes&quot;:[]},&quot;_transform_scale_effect_hover_laptop&quot;:{&quot;unit&quot;:&quot;px&quot;,&quot;size&quot;:&quot;&quot;,&quot;sizes&quot;:[]},&quot;_transform_scale_effect_hover_tablet&quot;:{&quot;unit&quot;:&quot;px&quot;,&quot;size&quot;:&quot;&quot;,&quot;sizes&quot;:[]},&quot;_transform_scale_effect_hover_mobile&quot;:{&quot;unit&quot;:&quot;px&quot;,&quot;size&quot;:&quot;&quot;,&quot;sizes&quot;:[]}}\" data-widget_type=\"theme-post-featured-image.default\">\n\t\t\t\t<div class=\"elementor-widget-container\">\n\t\t\t\t\t\t\t\t\t\t\t\t\t\t\t\t<a href=\"https:\/\/improven.com\/cat\/actualidad\/desafio-ceo-agro-mar-alimentario-galicia-crece-pero-el-sector-agroalimentario-gallego-sabe-que-puede-crecer-mas\/\">\n\t\t\t\t\t\t\t<img loading=\"lazy\" decoding=\"async\" width=\"1200\" height=\"522\" src=\"https:\/\/improven.com\/wp-content\/uploads\/2026\/04\/sector-agroalimentario-gallego.jpg\" class=\"attachment-full size-full wp-image-18811\" alt=\"sector agroalimentario gallego\" srcset=\"https:\/\/improven.com\/wp-content\/uploads\/2026\/04\/sector-agroalimentario-gallego.jpg 1200w, https:\/\/improven.com\/wp-content\/uploads\/2026\/04\/sector-agroalimentario-gallego-300x131.jpg 300w, https:\/\/improven.com\/wp-content\/uploads\/2026\/04\/sector-agroalimentario-gallego-1024x445.jpg 1024w, https:\/\/improven.com\/wp-content\/uploads\/2026\/04\/sector-agroalimentario-gallego-768x334.jpg 768w, https:\/\/improven.com\/wp-content\/uploads\/2026\/04\/sector-agroalimentario-gallego-18x8.jpg 18w\" sizes=\"auto, (max-width: 1200px) 100vw, 1200px\" \/>\t\t\t\t\t\t\t\t<\/a>\n\t\t\t\t\t\t\t\t\t\t\t\t\t\t\t<\/div>\n\t\t\t\t<\/div>\n\t\t<div class=\"elementor-element elementor-element-6c7d9d5 e-flex e-con-boxed e-con e-child\" data-id=\"6c7d9d5\" data-element_type=\"container\" data-settings=\"{&quot;content_width&quot;:&quot;boxed&quot;}\">\n\t\t\t\t\t<div class=\"e-con-inner\">\n\t\t\t\t<div class=\"elementor-element elementor-element-181556a elementor-widget elementor-widget-post-info\" data-id=\"181556a\" data-element_type=\"widget\" data-widget_type=\"post-info.default\">\n\t\t\t\t<div class=\"elementor-widget-container\">\n\t\t\t\t\t<ul class=\"elementor-inline-items elementor-icon-list-items elementor-post-info\">\n\t\t\t\t\t\t\t\t<li class=\"elementor-icon-list-item elementor-repeater-item-8712074 elementor-inline-item\" itemprop=\"about\">\n\t\t\t\t\t\t\t\t\t\t\t\t\t<span class=\"elementor-icon-list-text elementor-post-info__item elementor-post-info__item--type-terms\">\n\t\t\t\t\t\t\t\t\t\t<span class=\"elementor-post-info__terms-list\">\n\t\t\t\t<span class=\"elementor-post-info__terms-list-item\">Actualitat<\/span>, <span class=\"elementor-post-info__terms-list-item\">Estrat\u00e8gia<\/span>\t\t\t\t<\/span>\n\t\t\t\t\t<\/span>\n\t\t\t\t\t\t\t\t<\/li>\n\t\t\t\t<li class=\"elementor-icon-list-item elementor-repeater-item-a2050ca elementor-inline-item\" itemprop=\"datePublished\">\n\t\t\t\t\t\t\t\t\t\t\t\t\t<span class=\"elementor-icon-list-text elementor-post-info__item elementor-post-info__item--type-date\">\n\t\t\t\t\t\t\t<span class=\"elementor-post-info__item-prefix\">-<\/span>\n\t\t\t\t\t\t\t\t\t\tabril  2026\t\t\t\t\t<\/span>\n\t\t\t\t\t\t\t\t<\/li>\n\t\t\t\t<\/ul>\n\t\t\t\t<\/div>\n\t\t\t\t<\/div>\n\t\t\t\t<div class=\"elementor-element elementor-element-6d46bce elementor-widget elementor-widget-theme-post-title elementor-page-title elementor-widget-heading\" data-id=\"6d46bce\" data-element_type=\"widget\" data-widget_type=\"theme-post-title.default\">\n\t\t\t\t<div class=\"elementor-widget-container\">\n\t\t\t<span class=\"elementor-heading-title elementor-size-default\"><a href=\"https:\/\/improven.com\/cat\/actualidad\/desafio-ceo-agro-mar-alimentario-galicia-crece-pero-el-sector-agroalimentario-gallego-sabe-que-puede-crecer-mas\/\">Desaf\u00edo CEO Agro-Mar Alimentario: Galicia crece, pero el sector agroalimentario gallego sabe que puede crecer m\u00e1s<\/a><\/span>\t\t<\/div>\n\t\t\t\t<\/div>\n\t\t\t\t\t<\/div>\n\t\t\t\t<\/div>\n\t\t\t\t\t<\/div>\n\t\t\t\t<\/div>\n\t\t\t\t\t\t<\/div>\n\t\t\t\t<div data-elementor-type=\"loop-item\" data-elementor-id=\"271\" class=\"elementor elementor-271 e-loop-item e-loop-item-18780 post-18780 post type-post status-publish format-standard has-post-thumbnail hentry category-actualidad category-empresa-familiar\" data-elementor-post-type=\"elementor_library\" data-custom-edit-handle=\"1\">\n\t\t\t\t\t\t<div class=\"elementor-element elementor-element-21bda1b e-flex e-con-boxed e-con e-parent\" data-id=\"21bda1b\" data-element_type=\"container\" data-settings=\"{&quot;content_width&quot;:&quot;boxed&quot;}\" data-core-v316-plus=\"true\">\n\t\t\t\t\t<div class=\"e-con-inner\">\n\t\t\t\t<div class=\"elementor-element elementor-element-71d7d9c e-transform elementor-widget elementor-widget-theme-post-featured-image elementor-widget-image\" data-id=\"71d7d9c\" data-element_type=\"widget\" data-settings=\"{&quot;_transform_scale_effect_hover&quot;:{&quot;unit&quot;:&quot;px&quot;,&quot;size&quot;:1.05,&quot;sizes&quot;:[]},&quot;_transform_scale_effect_hover_laptop&quot;:{&quot;unit&quot;:&quot;px&quot;,&quot;size&quot;:&quot;&quot;,&quot;sizes&quot;:[]},&quot;_transform_scale_effect_hover_tablet&quot;:{&quot;unit&quot;:&quot;px&quot;,&quot;size&quot;:&quot;&quot;,&quot;sizes&quot;:[]},&quot;_transform_scale_effect_hover_mobile&quot;:{&quot;unit&quot;:&quot;px&quot;,&quot;size&quot;:&quot;&quot;,&quot;sizes&quot;:[]}}\" data-widget_type=\"theme-post-featured-image.default\">\n\t\t\t\t<div class=\"elementor-widget-container\">\n\t\t\t\t\t\t\t\t\t\t\t\t\t\t\t\t<a href=\"https:\/\/improven.com\/cat\/actualidad\/tejiendo-el-futuro-una-jornada-para-abordar-el-relevo-generacional-en-la-empresa-familiar-textil\/\">\n\t\t\t\t\t\t\t<img loading=\"lazy\" decoding=\"async\" width=\"1200\" height=\"522\" src=\"https:\/\/improven.com\/wp-content\/uploads\/2026\/04\/empresa-familiar-ATEVAL-1.jpg\" class=\"attachment-full size-full wp-image-18788\" alt=\"Tejiendo el futuro\" srcset=\"https:\/\/improven.com\/wp-content\/uploads\/2026\/04\/empresa-familiar-ATEVAL-1.jpg 1200w, https:\/\/improven.com\/wp-content\/uploads\/2026\/04\/empresa-familiar-ATEVAL-1-300x131.jpg 300w, https:\/\/improven.com\/wp-content\/uploads\/2026\/04\/empresa-familiar-ATEVAL-1-1024x445.jpg 1024w, https:\/\/improven.com\/wp-content\/uploads\/2026\/04\/empresa-familiar-ATEVAL-1-768x334.jpg 768w, https:\/\/improven.com\/wp-content\/uploads\/2026\/04\/empresa-familiar-ATEVAL-1-18x8.jpg 18w\" sizes=\"auto, (max-width: 1200px) 100vw, 1200px\" \/>\t\t\t\t\t\t\t\t<\/a>\n\t\t\t\t\t\t\t\t\t\t\t\t\t\t\t<\/div>\n\t\t\t\t<\/div>\n\t\t<div class=\"elementor-element elementor-element-6c7d9d5 e-flex e-con-boxed e-con e-child\" data-id=\"6c7d9d5\" data-element_type=\"container\" data-settings=\"{&quot;content_width&quot;:&quot;boxed&quot;}\">\n\t\t\t\t\t<div class=\"e-con-inner\">\n\t\t\t\t<div class=\"elementor-element elementor-element-181556a elementor-widget elementor-widget-post-info\" data-id=\"181556a\" data-element_type=\"widget\" data-widget_type=\"post-info.default\">\n\t\t\t\t<div class=\"elementor-widget-container\">\n\t\t\t\t\t<ul class=\"elementor-inline-items elementor-icon-list-items elementor-post-info\">\n\t\t\t\t\t\t\t\t<li class=\"elementor-icon-list-item elementor-repeater-item-8712074 elementor-inline-item\" itemprop=\"about\">\n\t\t\t\t\t\t\t\t\t\t\t\t\t<span class=\"elementor-icon-list-text elementor-post-info__item elementor-post-info__item--type-terms\">\n\t\t\t\t\t\t\t\t\t\t<span class=\"elementor-post-info__terms-list\">\n\t\t\t\t<span class=\"elementor-post-info__terms-list-item\">Actualitat<\/span>, <span class=\"elementor-post-info__terms-list-item\">Empresa Familiar<\/span>\t\t\t\t<\/span>\n\t\t\t\t\t<\/span>\n\t\t\t\t\t\t\t\t<\/li>\n\t\t\t\t<li class=\"elementor-icon-list-item elementor-repeater-item-a2050ca elementor-inline-item\" itemprop=\"datePublished\">\n\t\t\t\t\t\t\t\t\t\t\t\t\t<span class=\"elementor-icon-list-text elementor-post-info__item elementor-post-info__item--type-date\">\n\t\t\t\t\t\t\t<span class=\"elementor-post-info__item-prefix\">-<\/span>\n\t\t\t\t\t\t\t\t\t\tabril  2026\t\t\t\t\t<\/span>\n\t\t\t\t\t\t\t\t<\/li>\n\t\t\t\t<\/ul>\n\t\t\t\t<\/div>\n\t\t\t\t<\/div>\n\t\t\t\t<div class=\"elementor-element elementor-element-6d46bce elementor-widget elementor-widget-theme-post-title elementor-page-title elementor-widget-heading\" data-id=\"6d46bce\" data-element_type=\"widget\" data-widget_type=\"theme-post-title.default\">\n\t\t\t\t<div class=\"elementor-widget-container\">\n\t\t\t<span class=\"elementor-heading-title elementor-size-default\"><a href=\"https:\/\/improven.com\/cat\/actualidad\/tejiendo-el-futuro-una-jornada-para-abordar-el-relevo-generacional-en-la-empresa-familiar-textil\/\">Tejiendo el futuro: una jornada para abordar el relevo generacional en la empresa familiar textil<\/a><\/span>\t\t<\/div>\n\t\t\t\t<\/div>\n\t\t\t\t\t<\/div>\n\t\t\t\t<\/div>\n\t\t\t\t\t<\/div>\n\t\t\t\t<\/div>\n\t\t\t\t\t\t<\/div>\n\t\t\t\t<div data-elementor-type=\"loop-item\" data-elementor-id=\"271\" class=\"elementor elementor-271 e-loop-item e-loop-item-18765 post-18765 post type-post status-publish format-standard has-post-thumbnail hentry category-actualidad category-empresa-familiar\" data-elementor-post-type=\"elementor_library\" data-custom-edit-handle=\"1\">\n\t\t\t\t\t\t<div class=\"elementor-element elementor-element-21bda1b e-flex e-con-boxed e-con e-parent\" data-id=\"21bda1b\" data-element_type=\"container\" data-settings=\"{&quot;content_width&quot;:&quot;boxed&quot;}\" data-core-v316-plus=\"true\">\n\t\t\t\t\t<div class=\"e-con-inner\">\n\t\t\t\t<div class=\"elementor-element elementor-element-71d7d9c e-transform elementor-widget elementor-widget-theme-post-featured-image elementor-widget-image\" data-id=\"71d7d9c\" data-element_type=\"widget\" data-settings=\"{&quot;_transform_scale_effect_hover&quot;:{&quot;unit&quot;:&quot;px&quot;,&quot;size&quot;:1.05,&quot;sizes&quot;:[]},&quot;_transform_scale_effect_hover_laptop&quot;:{&quot;unit&quot;:&quot;px&quot;,&quot;size&quot;:&quot;&quot;,&quot;sizes&quot;:[]},&quot;_transform_scale_effect_hover_tablet&quot;:{&quot;unit&quot;:&quot;px&quot;,&quot;size&quot;:&quot;&quot;,&quot;sizes&quot;:[]},&quot;_transform_scale_effect_hover_mobile&quot;:{&quot;unit&quot;:&quot;px&quot;,&quot;size&quot;:&quot;&quot;,&quot;sizes&quot;:[]}}\" data-widget_type=\"theme-post-featured-image.default\">\n\t\t\t\t<div class=\"elementor-widget-container\">\n\t\t\t\t\t\t\t\t\t\t\t\t\t\t\t\t<a href=\"https:\/\/improven.com\/cat\/actualidad\/empresas-familiares-reivindican-la-planificacion-como-eje-para-garantizar-la-continuidad-tras-el-relevo\/\">\n\t\t\t\t\t\t\t<img loading=\"lazy\" decoding=\"async\" width=\"1200\" height=\"522\" src=\"https:\/\/improven.com\/wp-content\/uploads\/2026\/04\/empresa-familiar-AEFA.jpg\" class=\"attachment-full size-full wp-image-18773\" alt=\"empresa familiar AEFA\" srcset=\"https:\/\/improven.com\/wp-content\/uploads\/2026\/04\/empresa-familiar-AEFA.jpg 1200w, https:\/\/improven.com\/wp-content\/uploads\/2026\/04\/empresa-familiar-AEFA-300x131.jpg 300w, https:\/\/improven.com\/wp-content\/uploads\/2026\/04\/empresa-familiar-AEFA-1024x445.jpg 1024w, https:\/\/improven.com\/wp-content\/uploads\/2026\/04\/empresa-familiar-AEFA-768x334.jpg 768w, https:\/\/improven.com\/wp-content\/uploads\/2026\/04\/empresa-familiar-AEFA-18x8.jpg 18w\" sizes=\"auto, (max-width: 1200px) 100vw, 1200px\" \/>\t\t\t\t\t\t\t\t<\/a>\n\t\t\t\t\t\t\t\t\t\t\t\t\t\t\t<\/div>\n\t\t\t\t<\/div>\n\t\t<div class=\"elementor-element elementor-element-6c7d9d5 e-flex e-con-boxed e-con e-child\" data-id=\"6c7d9d5\" data-element_type=\"container\" data-settings=\"{&quot;content_width&quot;:&quot;boxed&quot;}\">\n\t\t\t\t\t<div class=\"e-con-inner\">\n\t\t\t\t<div class=\"elementor-element elementor-element-181556a elementor-widget elementor-widget-post-info\" data-id=\"181556a\" data-element_type=\"widget\" data-widget_type=\"post-info.default\">\n\t\t\t\t<div class=\"elementor-widget-container\">\n\t\t\t\t\t<ul class=\"elementor-inline-items elementor-icon-list-items elementor-post-info\">\n\t\t\t\t\t\t\t\t<li class=\"elementor-icon-list-item elementor-repeater-item-8712074 elementor-inline-item\" itemprop=\"about\">\n\t\t\t\t\t\t\t\t\t\t\t\t\t<span class=\"elementor-icon-list-text elementor-post-info__item elementor-post-info__item--type-terms\">\n\t\t\t\t\t\t\t\t\t\t<span class=\"elementor-post-info__terms-list\">\n\t\t\t\t<span class=\"elementor-post-info__terms-list-item\">Actualitat<\/span>, <span class=\"elementor-post-info__terms-list-item\">Empresa Familiar<\/span>\t\t\t\t<\/span>\n\t\t\t\t\t<\/span>\n\t\t\t\t\t\t\t\t<\/li>\n\t\t\t\t<li class=\"elementor-icon-list-item elementor-repeater-item-a2050ca elementor-inline-item\" itemprop=\"datePublished\">\n\t\t\t\t\t\t\t\t\t\t\t\t\t<span class=\"elementor-icon-list-text elementor-post-info__item elementor-post-info__item--type-date\">\n\t\t\t\t\t\t\t<span class=\"elementor-post-info__item-prefix\">-<\/span>\n\t\t\t\t\t\t\t\t\t\tabril  2026\t\t\t\t\t<\/span>\n\t\t\t\t\t\t\t\t<\/li>\n\t\t\t\t<\/ul>\n\t\t\t\t<\/div>\n\t\t\t\t<\/div>\n\t\t\t\t<div class=\"elementor-element elementor-element-6d46bce elementor-widget elementor-widget-theme-post-title elementor-page-title elementor-widget-heading\" data-id=\"6d46bce\" data-element_type=\"widget\" data-widget_type=\"theme-post-title.default\">\n\t\t\t\t<div class=\"elementor-widget-container\">\n\t\t\t<span class=\"elementor-heading-title elementor-size-default\"><a href=\"https:\/\/improven.com\/cat\/actualidad\/empresas-familiares-reivindican-la-planificacion-como-eje-para-garantizar-la-continuidad-tras-el-relevo\/\">Empresas familiares reivindican la planificaci\u00f3n como eje para garantizar la continuidad tras el relevo<\/a><\/span>\t\t<\/div>\n\t\t\t\t<\/div>\n\t\t\t\t\t<\/div>\n\t\t\t\t<\/div>\n\t\t\t\t\t<\/div>\n\t\t\t\t<\/div>\n\t\t\t\t\t\t<\/div>\n\t\t\t\t<div data-elementor-type=\"loop-item\" data-elementor-id=\"271\" class=\"elementor elementor-271 e-loop-item e-loop-item-18721 post-18721 post type-post status-publish format-standard has-post-thumbnail hentry category-actualidad category-articulo\" data-elementor-post-type=\"elementor_library\" data-custom-edit-handle=\"1\">\n\t\t\t\t\t\t<div class=\"elementor-element elementor-element-21bda1b e-flex e-con-boxed e-con e-parent\" data-id=\"21bda1b\" data-element_type=\"container\" data-settings=\"{&quot;content_width&quot;:&quot;boxed&quot;}\" data-core-v316-plus=\"true\">\n\t\t\t\t\t<div class=\"e-con-inner\">\n\t\t\t\t<div class=\"elementor-element elementor-element-71d7d9c e-transform elementor-widget elementor-widget-theme-post-featured-image elementor-widget-image\" data-id=\"71d7d9c\" data-element_type=\"widget\" data-settings=\"{&quot;_transform_scale_effect_hover&quot;:{&quot;unit&quot;:&quot;px&quot;,&quot;size&quot;:1.05,&quot;sizes&quot;:[]},&quot;_transform_scale_effect_hover_laptop&quot;:{&quot;unit&quot;:&quot;px&quot;,&quot;size&quot;:&quot;&quot;,&quot;sizes&quot;:[]},&quot;_transform_scale_effect_hover_tablet&quot;:{&quot;unit&quot;:&quot;px&quot;,&quot;size&quot;:&quot;&quot;,&quot;sizes&quot;:[]},&quot;_transform_scale_effect_hover_mobile&quot;:{&quot;unit&quot;:&quot;px&quot;,&quot;size&quot;:&quot;&quot;,&quot;sizes&quot;:[]}}\" data-widget_type=\"theme-post-featured-image.default\">\n\t\t\t\t<div class=\"elementor-widget-container\">\n\t\t\t\t\t\t\t\t\t\t\t\t\t\t\t\t<a href=\"https:\/\/improven.com\/cat\/actualidad\/damos-la-bienvenida-a-gabriela-mamani-directora-de-la-nueva-practica-de-energy-utilities\/\">\n\t\t\t\t\t\t\t<img loading=\"lazy\" decoding=\"async\" width=\"1200\" height=\"522\" src=\"https:\/\/improven.com\/wp-content\/uploads\/2026\/04\/ENERGY-UTILITIES.jpg\" class=\"attachment-full size-full wp-image-18729\" alt=\"Gabriela Mamani\" srcset=\"https:\/\/improven.com\/wp-content\/uploads\/2026\/04\/ENERGY-UTILITIES.jpg 1200w, https:\/\/improven.com\/wp-content\/uploads\/2026\/04\/ENERGY-UTILITIES-300x131.jpg 300w, https:\/\/improven.com\/wp-content\/uploads\/2026\/04\/ENERGY-UTILITIES-1024x445.jpg 1024w, https:\/\/improven.com\/wp-content\/uploads\/2026\/04\/ENERGY-UTILITIES-768x334.jpg 768w, https:\/\/improven.com\/wp-content\/uploads\/2026\/04\/ENERGY-UTILITIES-18x8.jpg 18w\" sizes=\"auto, (max-width: 1200px) 100vw, 1200px\" \/>\t\t\t\t\t\t\t\t<\/a>\n\t\t\t\t\t\t\t\t\t\t\t\t\t\t\t<\/div>\n\t\t\t\t<\/div>\n\t\t<div class=\"elementor-element elementor-element-6c7d9d5 e-flex e-con-boxed e-con e-child\" data-id=\"6c7d9d5\" data-element_type=\"container\" data-settings=\"{&quot;content_width&quot;:&quot;boxed&quot;}\">\n\t\t\t\t\t<div class=\"e-con-inner\">\n\t\t\t\t<div class=\"elementor-element elementor-element-181556a elementor-widget elementor-widget-post-info\" data-id=\"181556a\" data-element_type=\"widget\" data-widget_type=\"post-info.default\">\n\t\t\t\t<div class=\"elementor-widget-container\">\n\t\t\t\t\t<ul class=\"elementor-inline-items elementor-icon-list-items elementor-post-info\">\n\t\t\t\t\t\t\t\t<li class=\"elementor-icon-list-item elementor-repeater-item-8712074 elementor-inline-item\" itemprop=\"about\">\n\t\t\t\t\t\t\t\t\t\t\t\t\t<span class=\"elementor-icon-list-text elementor-post-info__item elementor-post-info__item--type-terms\">\n\t\t\t\t\t\t\t\t\t\t<span class=\"elementor-post-info__terms-list\">\n\t\t\t\t<span class=\"elementor-post-info__terms-list-item\">Actualitat<\/span>, <span class=\"elementor-post-info__terms-list-item\">Article<\/span>\t\t\t\t<\/span>\n\t\t\t\t\t<\/span>\n\t\t\t\t\t\t\t\t<\/li>\n\t\t\t\t<li class=\"elementor-icon-list-item elementor-repeater-item-a2050ca elementor-inline-item\" itemprop=\"datePublished\">\n\t\t\t\t\t\t\t\t\t\t\t\t\t<span class=\"elementor-icon-list-text elementor-post-info__item elementor-post-info__item--type-date\">\n\t\t\t\t\t\t\t<span class=\"elementor-post-info__item-prefix\">-<\/span>\n\t\t\t\t\t\t\t\t\t\tabril  2026\t\t\t\t\t<\/span>\n\t\t\t\t\t\t\t\t<\/li>\n\t\t\t\t<\/ul>\n\t\t\t\t<\/div>\n\t\t\t\t<\/div>\n\t\t\t\t<div class=\"elementor-element elementor-element-6d46bce elementor-widget elementor-widget-theme-post-title elementor-page-title elementor-widget-heading\" data-id=\"6d46bce\" data-element_type=\"widget\" data-widget_type=\"theme-post-title.default\">\n\t\t\t\t<div class=\"elementor-widget-container\">\n\t\t\t<span class=\"elementor-heading-title elementor-size-default\"><a href=\"https:\/\/improven.com\/cat\/actualidad\/damos-la-bienvenida-a-gabriela-mamani-directora-de-la-nueva-practica-de-energy-utilities\/\">Damos la bienvenida a Gabriela Mamani: Directora de la nueva pr\u00e1ctica de Energy &amp; Utilities<\/a><\/span>\t\t<\/div>\n\t\t\t\t<\/div>\n\t\t\t\t\t<\/div>\n\t\t\t\t<\/div>\n\t\t\t\t\t<\/div>\n\t\t\t\t<\/div>\n\t\t\t\t\t\t<\/div>\n\t\t\t\t<div data-elementor-type=\"loop-item\" data-elementor-id=\"271\" class=\"elementor elementor-271 e-loop-item e-loop-item-18419 post-18419 post type-post status-publish format-standard has-post-thumbnail hentry category-actualidad category-articulo\" data-elementor-post-type=\"elementor_library\" data-custom-edit-handle=\"1\">\n\t\t\t\t\t\t<div class=\"elementor-element elementor-element-21bda1b e-flex e-con-boxed e-con e-parent\" data-id=\"21bda1b\" data-element_type=\"container\" data-settings=\"{&quot;content_width&quot;:&quot;boxed&quot;}\" data-core-v316-plus=\"true\">\n\t\t\t\t\t<div class=\"e-con-inner\">\n\t\t\t\t<div class=\"elementor-element elementor-element-71d7d9c e-transform elementor-widget elementor-widget-theme-post-featured-image elementor-widget-image\" data-id=\"71d7d9c\" data-element_type=\"widget\" data-settings=\"{&quot;_transform_scale_effect_hover&quot;:{&quot;unit&quot;:&quot;px&quot;,&quot;size&quot;:1.05,&quot;sizes&quot;:[]},&quot;_transform_scale_effect_hover_laptop&quot;:{&quot;unit&quot;:&quot;px&quot;,&quot;size&quot;:&quot;&quot;,&quot;sizes&quot;:[]},&quot;_transform_scale_effect_hover_tablet&quot;:{&quot;unit&quot;:&quot;px&quot;,&quot;size&quot;:&quot;&quot;,&quot;sizes&quot;:[]},&quot;_transform_scale_effect_hover_mobile&quot;:{&quot;unit&quot;:&quot;px&quot;,&quot;size&quot;:&quot;&quot;,&quot;sizes&quot;:[]}}\" data-widget_type=\"theme-post-featured-image.default\">\n\t\t\t\t<div class=\"elementor-widget-container\">\n\t\t\t\t\t\t\t\t\t\t\t\t\t\t\t\t<a href=\"https:\/\/improven.com\/cat\/actualidad\/entre-nosotras-liderazgo-real-para-afrontar-retos-empresariales\/\">\n\t\t\t\t\t\t\t<img loading=\"lazy\" decoding=\"async\" width=\"1200\" height=\"522\" src=\"https:\/\/improven.com\/wp-content\/uploads\/2026\/04\/liderazgo-femenino-en-empresas.jpg\" class=\"attachment-full size-full wp-image-18421\" alt=\"liderazgo femenino en empresas\" srcset=\"https:\/\/improven.com\/wp-content\/uploads\/2026\/04\/liderazgo-femenino-en-empresas.jpg 1200w, https:\/\/improven.com\/wp-content\/uploads\/2026\/04\/liderazgo-femenino-en-empresas-300x131.jpg 300w, https:\/\/improven.com\/wp-content\/uploads\/2026\/04\/liderazgo-femenino-en-empresas-1024x445.jpg 1024w, https:\/\/improven.com\/wp-content\/uploads\/2026\/04\/liderazgo-femenino-en-empresas-768x334.jpg 768w, https:\/\/improven.com\/wp-content\/uploads\/2026\/04\/liderazgo-femenino-en-empresas-18x8.jpg 18w\" sizes=\"auto, (max-width: 1200px) 100vw, 1200px\" \/>\t\t\t\t\t\t\t\t<\/a>\n\t\t\t\t\t\t\t\t\t\t\t\t\t\t\t<\/div>\n\t\t\t\t<\/div>\n\t\t<div class=\"elementor-element elementor-element-6c7d9d5 e-flex e-con-boxed e-con e-child\" data-id=\"6c7d9d5\" data-element_type=\"container\" data-settings=\"{&quot;content_width&quot;:&quot;boxed&quot;}\">\n\t\t\t\t\t<div class=\"e-con-inner\">\n\t\t\t\t<div class=\"elementor-element elementor-element-181556a elementor-widget elementor-widget-post-info\" data-id=\"181556a\" data-element_type=\"widget\" data-widget_type=\"post-info.default\">\n\t\t\t\t<div class=\"elementor-widget-container\">\n\t\t\t\t\t<ul class=\"elementor-inline-items elementor-icon-list-items elementor-post-info\">\n\t\t\t\t\t\t\t\t<li class=\"elementor-icon-list-item elementor-repeater-item-8712074 elementor-inline-item\" itemprop=\"about\">\n\t\t\t\t\t\t\t\t\t\t\t\t\t<span class=\"elementor-icon-list-text elementor-post-info__item elementor-post-info__item--type-terms\">\n\t\t\t\t\t\t\t\t\t\t<span class=\"elementor-post-info__terms-list\">\n\t\t\t\t<span class=\"elementor-post-info__terms-list-item\">Actualitat<\/span>, <span class=\"elementor-post-info__terms-list-item\">Article<\/span>\t\t\t\t<\/span>\n\t\t\t\t\t<\/span>\n\t\t\t\t\t\t\t\t<\/li>\n\t\t\t\t<li class=\"elementor-icon-list-item elementor-repeater-item-a2050ca elementor-inline-item\" itemprop=\"datePublished\">\n\t\t\t\t\t\t\t\t\t\t\t\t\t<span class=\"elementor-icon-list-text elementor-post-info__item elementor-post-info__item--type-date\">\n\t\t\t\t\t\t\t<span class=\"elementor-post-info__item-prefix\">-<\/span>\n\t\t\t\t\t\t\t\t\t\tabril  2026\t\t\t\t\t<\/span>\n\t\t\t\t\t\t\t\t<\/li>\n\t\t\t\t<\/ul>\n\t\t\t\t<\/div>\n\t\t\t\t<\/div>\n\t\t\t\t<div class=\"elementor-element elementor-element-6d46bce elementor-widget elementor-widget-theme-post-title elementor-page-title elementor-widget-heading\" data-id=\"6d46bce\" data-element_type=\"widget\" data-widget_type=\"theme-post-title.default\">\n\t\t\t\t<div class=\"elementor-widget-container\">\n\t\t\t<span class=\"elementor-heading-title elementor-size-default\"><a href=\"https:\/\/improven.com\/cat\/actualidad\/entre-nosotras-liderazgo-real-para-afrontar-retos-empresariales\/\">Entre Nosotras: liderazgo real para afrontar retos empresariales<\/a><\/span>\t\t<\/div>\n\t\t\t\t<\/div>\n\t\t\t\t\t<\/div>\n\t\t\t\t<\/div>\n\t\t\t\t\t<\/div>\n\t\t\t\t<\/div>\n\t\t\t\t\t\t<\/div>\n\t\t\t\t<div data-elementor-type=\"loop-item\" data-elementor-id=\"271\" class=\"elementor elementor-271 e-loop-item e-loop-item-18435 post-18435 post type-post status-publish format-standard has-post-thumbnail hentry category-actualidad category-articulo\" data-elementor-post-type=\"elementor_library\" data-custom-edit-handle=\"1\">\n\t\t\t\t\t\t<div class=\"elementor-element elementor-element-21bda1b e-flex e-con-boxed e-con e-parent\" data-id=\"21bda1b\" data-element_type=\"container\" data-settings=\"{&quot;content_width&quot;:&quot;boxed&quot;}\" data-core-v316-plus=\"true\">\n\t\t\t\t\t<div class=\"e-con-inner\">\n\t\t\t\t<div class=\"elementor-element elementor-element-71d7d9c e-transform elementor-widget elementor-widget-theme-post-featured-image elementor-widget-image\" data-id=\"71d7d9c\" data-element_type=\"widget\" data-settings=\"{&quot;_transform_scale_effect_hover&quot;:{&quot;unit&quot;:&quot;px&quot;,&quot;size&quot;:1.05,&quot;sizes&quot;:[]},&quot;_transform_scale_effect_hover_laptop&quot;:{&quot;unit&quot;:&quot;px&quot;,&quot;size&quot;:&quot;&quot;,&quot;sizes&quot;:[]},&quot;_transform_scale_effect_hover_tablet&quot;:{&quot;unit&quot;:&quot;px&quot;,&quot;size&quot;:&quot;&quot;,&quot;sizes&quot;:[]},&quot;_transform_scale_effect_hover_mobile&quot;:{&quot;unit&quot;:&quot;px&quot;,&quot;size&quot;:&quot;&quot;,&quot;sizes&quot;:[]}}\" data-widget_type=\"theme-post-featured-image.default\">\n\t\t\t\t<div class=\"elementor-widget-container\">\n\t\t\t\t\t\t\t\t\t\t\t\t\t\t\t\t<a href=\"https:\/\/improven.com\/cat\/actualidad\/liderazgo-empresarial-lo-que-realmente-frena-y-desbloquea-el-crecimiento-de-tu-empresa\/\">\n\t\t\t\t\t\t\t<img loading=\"lazy\" decoding=\"async\" width=\"1200\" height=\"522\" src=\"https:\/\/improven.com\/wp-content\/uploads\/2026\/04\/liderazgo-empresarial.jpg\" class=\"attachment-full size-full wp-image-18517\" alt=\"lideratge empresarial\" srcset=\"https:\/\/improven.com\/wp-content\/uploads\/2026\/04\/liderazgo-empresarial.jpg 1200w, https:\/\/improven.com\/wp-content\/uploads\/2026\/04\/liderazgo-empresarial-300x131.jpg 300w, https:\/\/improven.com\/wp-content\/uploads\/2026\/04\/liderazgo-empresarial-1024x445.jpg 1024w, https:\/\/improven.com\/wp-content\/uploads\/2026\/04\/liderazgo-empresarial-768x334.jpg 768w, https:\/\/improven.com\/wp-content\/uploads\/2026\/04\/liderazgo-empresarial-18x8.jpg 18w\" sizes=\"auto, (max-width: 1200px) 100vw, 1200px\" \/>\t\t\t\t\t\t\t\t<\/a>\n\t\t\t\t\t\t\t\t\t\t\t\t\t\t\t<\/div>\n\t\t\t\t<\/div>\n\t\t<div class=\"elementor-element elementor-element-6c7d9d5 e-flex e-con-boxed e-con e-child\" data-id=\"6c7d9d5\" data-element_type=\"container\" data-settings=\"{&quot;content_width&quot;:&quot;boxed&quot;}\">\n\t\t\t\t\t<div class=\"e-con-inner\">\n\t\t\t\t<div class=\"elementor-element elementor-element-181556a elementor-widget elementor-widget-post-info\" data-id=\"181556a\" data-element_type=\"widget\" data-widget_type=\"post-info.default\">\n\t\t\t\t<div class=\"elementor-widget-container\">\n\t\t\t\t\t<ul class=\"elementor-inline-items elementor-icon-list-items elementor-post-info\">\n\t\t\t\t\t\t\t\t<li class=\"elementor-icon-list-item elementor-repeater-item-8712074 elementor-inline-item\" itemprop=\"about\">\n\t\t\t\t\t\t\t\t\t\t\t\t\t<span class=\"elementor-icon-list-text elementor-post-info__item elementor-post-info__item--type-terms\">\n\t\t\t\t\t\t\t\t\t\t<span class=\"elementor-post-info__terms-list\">\n\t\t\t\t<span class=\"elementor-post-info__terms-list-item\">Actualitat<\/span>, <span class=\"elementor-post-info__terms-list-item\">Article<\/span>\t\t\t\t<\/span>\n\t\t\t\t\t<\/span>\n\t\t\t\t\t\t\t\t<\/li>\n\t\t\t\t<li class=\"elementor-icon-list-item elementor-repeater-item-a2050ca elementor-inline-item\" itemprop=\"datePublished\">\n\t\t\t\t\t\t\t\t\t\t\t\t\t<span class=\"elementor-icon-list-text elementor-post-info__item elementor-post-info__item--type-date\">\n\t\t\t\t\t\t\t<span class=\"elementor-post-info__item-prefix\">-<\/span>\n\t\t\t\t\t\t\t\t\t\tabril  2026\t\t\t\t\t<\/span>\n\t\t\t\t\t\t\t\t<\/li>\n\t\t\t\t<\/ul>\n\t\t\t\t<\/div>\n\t\t\t\t<\/div>\n\t\t\t\t<div class=\"elementor-element elementor-element-6d46bce elementor-widget elementor-widget-theme-post-title elementor-page-title elementor-widget-heading\" data-id=\"6d46bce\" data-element_type=\"widget\" data-widget_type=\"theme-post-title.default\">\n\t\t\t\t<div class=\"elementor-widget-container\">\n\t\t\t<span class=\"elementor-heading-title elementor-size-default\"><a href=\"https:\/\/improven.com\/cat\/actualidad\/liderazgo-empresarial-lo-que-realmente-frena-y-desbloquea-el-crecimiento-de-tu-empresa\/\">Liderazgo empresarial: lo que realmente frena (y desbloquea) el crecimiento de tu empresa<\/a><\/span>\t\t<\/div>\n\t\t\t\t<\/div>\n\t\t\t\t\t<\/div>\n\t\t\t\t<\/div>\n\t\t\t\t\t<\/div>\n\t\t\t\t<\/div>\n\t\t\t\t\t\t<\/div>\n\t\t\t\t<div data-elementor-type=\"loop-item\" data-elementor-id=\"271\" class=\"elementor elementor-271 e-loop-item e-loop-item-18380 post-18380 post type-post status-publish format-standard has-post-thumbnail hentry category-actualidad category-agile\" data-elementor-post-type=\"elementor_library\" data-custom-edit-handle=\"1\">\n\t\t\t\t\t\t<div class=\"elementor-element elementor-element-21bda1b e-flex e-con-boxed e-con e-parent\" data-id=\"21bda1b\" data-element_type=\"container\" data-settings=\"{&quot;content_width&quot;:&quot;boxed&quot;}\" data-core-v316-plus=\"true\">\n\t\t\t\t\t<div class=\"e-con-inner\">\n\t\t\t\t<div class=\"elementor-element elementor-element-71d7d9c e-transform elementor-widget elementor-widget-theme-post-featured-image elementor-widget-image\" data-id=\"71d7d9c\" data-element_type=\"widget\" data-settings=\"{&quot;_transform_scale_effect_hover&quot;:{&quot;unit&quot;:&quot;px&quot;,&quot;size&quot;:1.05,&quot;sizes&quot;:[]},&quot;_transform_scale_effect_hover_laptop&quot;:{&quot;unit&quot;:&quot;px&quot;,&quot;size&quot;:&quot;&quot;,&quot;sizes&quot;:[]},&quot;_transform_scale_effect_hover_tablet&quot;:{&quot;unit&quot;:&quot;px&quot;,&quot;size&quot;:&quot;&quot;,&quot;sizes&quot;:[]},&quot;_transform_scale_effect_hover_mobile&quot;:{&quot;unit&quot;:&quot;px&quot;,&quot;size&quot;:&quot;&quot;,&quot;sizes&quot;:[]}}\" data-widget_type=\"theme-post-featured-image.default\">\n\t\t\t\t<div class=\"elementor-widget-container\">\n\t\t\t\t\t\t\t\t\t\t\t\t\t\t\t\t<a href=\"https:\/\/improven.com\/cat\/actualidad\/la-automatizacion-y-la-nueva-legislacion-europea-principales-retos-de-haribo-en-materia-de-envase\/\">\n\t\t\t\t\t\t\t<img loading=\"lazy\" decoding=\"async\" width=\"1200\" height=\"522\" src=\"https:\/\/improven.com\/wp-content\/uploads\/2026\/03\/Desayuno-de-Innovacion-del-Cluster.jpg\" class=\"attachment-full size-full wp-image-18390\" alt=\"La automatizaci\u00f3n y la nueva legislaci\u00f3n europea\" srcset=\"https:\/\/improven.com\/wp-content\/uploads\/2026\/03\/Desayuno-de-Innovacion-del-Cluster.jpg 1200w, https:\/\/improven.com\/wp-content\/uploads\/2026\/03\/Desayuno-de-Innovacion-del-Cluster-300x131.jpg 300w, https:\/\/improven.com\/wp-content\/uploads\/2026\/03\/Desayuno-de-Innovacion-del-Cluster-1024x445.jpg 1024w, https:\/\/improven.com\/wp-content\/uploads\/2026\/03\/Desayuno-de-Innovacion-del-Cluster-768x334.jpg 768w, https:\/\/improven.com\/wp-content\/uploads\/2026\/03\/Desayuno-de-Innovacion-del-Cluster-18x8.jpg 18w\" sizes=\"auto, (max-width: 1200px) 100vw, 1200px\" \/>\t\t\t\t\t\t\t\t<\/a>\n\t\t\t\t\t\t\t\t\t\t\t\t\t\t\t<\/div>\n\t\t\t\t<\/div>\n\t\t<div class=\"elementor-element elementor-element-6c7d9d5 e-flex e-con-boxed e-con e-child\" data-id=\"6c7d9d5\" data-element_type=\"container\" data-settings=\"{&quot;content_width&quot;:&quot;boxed&quot;}\">\n\t\t\t\t\t<div class=\"e-con-inner\">\n\t\t\t\t<div class=\"elementor-element elementor-element-181556a elementor-widget elementor-widget-post-info\" data-id=\"181556a\" data-element_type=\"widget\" data-widget_type=\"post-info.default\">\n\t\t\t\t<div class=\"elementor-widget-container\">\n\t\t\t\t\t<ul class=\"elementor-inline-items elementor-icon-list-items elementor-post-info\">\n\t\t\t\t\t\t\t\t<li class=\"elementor-icon-list-item elementor-repeater-item-8712074 elementor-inline-item\" itemprop=\"about\">\n\t\t\t\t\t\t\t\t\t\t\t\t\t<span class=\"elementor-icon-list-text elementor-post-info__item elementor-post-info__item--type-terms\">\n\t\t\t\t\t\t\t\t\t\t<span class=\"elementor-post-info__terms-list\">\n\t\t\t\t<span class=\"elementor-post-info__terms-list-item\">Actualitat<\/span>, <span class=\"elementor-post-info__terms-list-item\">Agile<\/span>\t\t\t\t<\/span>\n\t\t\t\t\t<\/span>\n\t\t\t\t\t\t\t\t<\/li>\n\t\t\t\t<li class=\"elementor-icon-list-item elementor-repeater-item-a2050ca elementor-inline-item\" itemprop=\"datePublished\">\n\t\t\t\t\t\t\t\t\t\t\t\t\t<span class=\"elementor-icon-list-text elementor-post-info__item elementor-post-info__item--type-date\">\n\t\t\t\t\t\t\t<span class=\"elementor-post-info__item-prefix\">-<\/span>\n\t\t\t\t\t\t\t\t\t\tmar\u00e7  2026\t\t\t\t\t<\/span>\n\t\t\t\t\t\t\t\t<\/li>\n\t\t\t\t<\/ul>\n\t\t\t\t<\/div>\n\t\t\t\t<\/div>\n\t\t\t\t<div class=\"elementor-element elementor-element-6d46bce elementor-widget elementor-widget-theme-post-title elementor-page-title elementor-widget-heading\" data-id=\"6d46bce\" data-element_type=\"widget\" data-widget_type=\"theme-post-title.default\">\n\t\t\t\t<div class=\"elementor-widget-container\">\n\t\t\t<span class=\"elementor-heading-title elementor-size-default\"><a href=\"https:\/\/improven.com\/cat\/actualidad\/la-automatizacion-y-la-nueva-legislacion-europea-principales-retos-de-haribo-en-materia-de-envase\/\">La automatizaci\u00f3n y la nueva legislaci\u00f3n europea, principales retos de HARIBO en materia de envase<\/a><\/span>\t\t<\/div>\n\t\t\t\t<\/div>\n\t\t\t\t\t<\/div>\n\t\t\t\t<\/div>\n\t\t\t\t\t<\/div>\n\t\t\t\t<\/div>\n\t\t\t\t\t\t<\/div>\n\t\t\t\t<div data-elementor-type=\"loop-item\" data-elementor-id=\"271\" class=\"elementor elementor-271 e-loop-item e-loop-item-18250 post-18250 post type-post status-publish format-standard has-post-thumbnail hentry category-actualidad category-operaciones\" data-elementor-post-type=\"elementor_library\" data-custom-edit-handle=\"1\">\n\t\t\t\t\t\t<div class=\"elementor-element elementor-element-21bda1b e-flex e-con-boxed e-con e-parent\" data-id=\"21bda1b\" data-element_type=\"container\" data-settings=\"{&quot;content_width&quot;:&quot;boxed&quot;}\" data-core-v316-plus=\"true\">\n\t\t\t\t\t<div class=\"e-con-inner\">\n\t\t\t\t<div class=\"elementor-element elementor-element-71d7d9c e-transform elementor-widget elementor-widget-theme-post-featured-image elementor-widget-image\" data-id=\"71d7d9c\" data-element_type=\"widget\" data-settings=\"{&quot;_transform_scale_effect_hover&quot;:{&quot;unit&quot;:&quot;px&quot;,&quot;size&quot;:1.05,&quot;sizes&quot;:[]},&quot;_transform_scale_effect_hover_laptop&quot;:{&quot;unit&quot;:&quot;px&quot;,&quot;size&quot;:&quot;&quot;,&quot;sizes&quot;:[]},&quot;_transform_scale_effect_hover_tablet&quot;:{&quot;unit&quot;:&quot;px&quot;,&quot;size&quot;:&quot;&quot;,&quot;sizes&quot;:[]},&quot;_transform_scale_effect_hover_mobile&quot;:{&quot;unit&quot;:&quot;px&quot;,&quot;size&quot;:&quot;&quot;,&quot;sizes&quot;:[]}}\" data-widget_type=\"theme-post-featured-image.default\">\n\t\t\t\t<div class=\"elementor-widget-container\">\n\t\t\t\t\t\t\t\t\t\t\t\t\t\t\t\t<a href=\"https:\/\/improven.com\/cat\/actualidad\/digitalizacion-industrial-como-mejorar-el-ebitda-en-tu-fabrica\/\">\n\t\t\t\t\t\t\t<img loading=\"lazy\" decoding=\"async\" width=\"1200\" height=\"522\" src=\"https:\/\/improven.com\/wp-content\/uploads\/2026\/02\/Digitalizacion-industrial-1.jpg\" class=\"attachment-full size-full wp-image-18253\" alt=\"Digitalizaci\u00f3n industrial\" srcset=\"https:\/\/improven.com\/wp-content\/uploads\/2026\/02\/Digitalizacion-industrial-1.jpg 1200w, https:\/\/improven.com\/wp-content\/uploads\/2026\/02\/Digitalizacion-industrial-1-300x131.jpg 300w, https:\/\/improven.com\/wp-content\/uploads\/2026\/02\/Digitalizacion-industrial-1-1024x445.jpg 1024w, https:\/\/improven.com\/wp-content\/uploads\/2026\/02\/Digitalizacion-industrial-1-768x334.jpg 768w, https:\/\/improven.com\/wp-content\/uploads\/2026\/02\/Digitalizacion-industrial-1-18x8.jpg 18w\" sizes=\"auto, (max-width: 1200px) 100vw, 1200px\" \/>\t\t\t\t\t\t\t\t<\/a>\n\t\t\t\t\t\t\t\t\t\t\t\t\t\t\t<\/div>\n\t\t\t\t<\/div>\n\t\t<div class=\"elementor-element elementor-element-6c7d9d5 e-flex e-con-boxed e-con e-child\" data-id=\"6c7d9d5\" data-element_type=\"container\" data-settings=\"{&quot;content_width&quot;:&quot;boxed&quot;}\">\n\t\t\t\t\t<div class=\"e-con-inner\">\n\t\t\t\t<div class=\"elementor-element elementor-element-181556a elementor-widget elementor-widget-post-info\" data-id=\"181556a\" data-element_type=\"widget\" data-widget_type=\"post-info.default\">\n\t\t\t\t<div class=\"elementor-widget-container\">\n\t\t\t\t\t<ul class=\"elementor-inline-items elementor-icon-list-items elementor-post-info\">\n\t\t\t\t\t\t\t\t<li class=\"elementor-icon-list-item elementor-repeater-item-8712074 elementor-inline-item\" itemprop=\"about\">\n\t\t\t\t\t\t\t\t\t\t\t\t\t<span class=\"elementor-icon-list-text elementor-post-info__item elementor-post-info__item--type-terms\">\n\t\t\t\t\t\t\t\t\t\t<span class=\"elementor-post-info__terms-list\">\n\t\t\t\t<span class=\"elementor-post-info__terms-list-item\">Actualitat<\/span>, <span class=\"elementor-post-info__terms-list-item\">Operacions<\/span>\t\t\t\t<\/span>\n\t\t\t\t\t<\/span>\n\t\t\t\t\t\t\t\t<\/li>\n\t\t\t\t<li class=\"elementor-icon-list-item elementor-repeater-item-a2050ca elementor-inline-item\" itemprop=\"datePublished\">\n\t\t\t\t\t\t\t\t\t\t\t\t\t<span class=\"elementor-icon-list-text elementor-post-info__item elementor-post-info__item--type-date\">\n\t\t\t\t\t\t\t<span class=\"elementor-post-info__item-prefix\">-<\/span>\n\t\t\t\t\t\t\t\t\t\tmar\u00e7  2026\t\t\t\t\t<\/span>\n\t\t\t\t\t\t\t\t<\/li>\n\t\t\t\t<\/ul>\n\t\t\t\t<\/div>\n\t\t\t\t<\/div>\n\t\t\t\t<div class=\"elementor-element elementor-element-6d46bce elementor-widget elementor-widget-theme-post-title elementor-page-title elementor-widget-heading\" data-id=\"6d46bce\" data-element_type=\"widget\" data-widget_type=\"theme-post-title.default\">\n\t\t\t\t<div class=\"elementor-widget-container\">\n\t\t\t<span class=\"elementor-heading-title elementor-size-default\"><a href=\"https:\/\/improven.com\/cat\/actualidad\/digitalizacion-industrial-como-mejorar-el-ebitda-en-tu-fabrica\/\">Digitalizaci\u00f3n industrial: c\u00f3mo mejorar el EBITDA en tu f\u00e1brica<\/a><\/span>\t\t<\/div>\n\t\t\t\t<\/div>\n\t\t\t\t\t<\/div>\n\t\t\t\t<\/div>\n\t\t\t\t\t<\/div>\n\t\t\t\t<\/div>\n\t\t\t\t\t\t<\/div>\n\t\t\t\t<\/div>\n\t\t\n\t\t\t\t<div class=\"e-load-more-anchor\" data-page=\"1\" data-max-page=\"17\" data-next-page=\"https:\/\/improven.com\/cat\/wp-json\/wp\/v2\/pages\/4747\/page\/2\/\"><\/div>\n\t\t\t\t<nav class=\"elementor-pagination\" aria-label=\"Pagination\">\n\t\t\t<span class=\"page-numbers prev\">Enrere<\/span>\n<span aria-current=\"page\" class=\"page-numbers current\"><span class=\"elementor-screen-only\">Page<\/span>1<\/span>\n<a class=\"page-numbers\" href=\"https:\/\/improven.com\/cat\/wp-json\/wp\/v2\/pages\/4747\/page\/2\/\"><span class=\"elementor-screen-only\">Page<\/span>2<\/a>\n<a class=\"page-numbers\" href=\"https:\/\/improven.com\/cat\/wp-json\/wp\/v2\/pages\/4747\/page\/3\/\"><span class=\"elementor-screen-only\">Page<\/span>3<\/a>\n<span class=\"page-numbers dots\">&hellip;<\/span>\n<a class=\"page-numbers\" href=\"https:\/\/improven.com\/cat\/wp-json\/wp\/v2\/pages\/4747\/page\/10\/\"><span class=\"elementor-screen-only\">Page<\/span>10<\/a>\n<a class=\"page-numbers next\" href=\"https:\/\/improven.com\/cat\/wp-json\/wp\/v2\/pages\/4747\/page\/2\/\">Seg\u00fcent<\/a>\t\t<\/nav>\n\t\t\t\t<\/div>\n\t\t\t\t<\/div>\n\t\t\t\t<\/div>\n\t\t\t\t\t<\/div>\n\t\t\t\t<\/div>\n\t\t\t\t\t\t\t<\/div>","protected":false},"excerpt":{"rendered":"<p>Actualidad Aqu\u00ed encontrar\u00e1s las \u00faltimas novedades, noticias, entrevistas, eventos y publicaciones en revistas de actualidad econ\u00f3mica. Te invitamos a sumergirte en este rinc\u00f3n donde hemos volcado nuestra creatividad y experiencia. Lleva tu empresa al siguiente nivel.<\/p>","protected":false},"author":1,"featured_media":0,"parent":0,"menu_order":0,"comment_status":"closed","ping_status":"closed","template":"","meta":{"_acf_changed":false,"footnotes":""},"class_list":["post-4747","page","type-page","status-publish","hentry"],"acf":[],"yoast_head":"<!-- This site is optimized with the Yoast SEO plugin v21.2 - https:\/\/yoast.com\/wordpress\/plugins\/seo\/ -->\n<title>Art\u00edculos y noticias de actualidad | Improven<\/title>\n<meta name=\"description\" content=\"Art\u00edculos y noticias de actualidad de Improven. Encontrar\u00e1s tambi\u00e9n entrevistas, eventos y publicaciones en revistas de actualidad econ\u00f3mica.\" \/>\n<meta name=\"robots\" content=\"index, follow, max-snippet:-1, max-image-preview:large, max-video-preview:-1\" \/>\n<link rel=\"canonical\" href=\"https:\/\/improven.com\/cat\/actualitat\/\" \/>\n<meta property=\"og:locale\" content=\"ca_ES\" \/>\n<meta property=\"og:type\" content=\"article\" \/>\n<meta property=\"og:title\" content=\"Art\u00edculos y noticias de actualidad | Improven\" \/>\n<meta property=\"og:description\" content=\"Art\u00edculos y noticias de actualidad de Improven. Encontrar\u00e1s tambi\u00e9n entrevistas, eventos y publicaciones en revistas de actualidad econ\u00f3mica.\" \/>\n<meta property=\"og:url\" content=\"https:\/\/improven.com\/cat\/actualitat\/\" \/>\n<meta property=\"og:site_name\" content=\"Improven\" \/>\n<meta property=\"article:modified_time\" content=\"2024-07-03T11:24:12+00:00\" \/>\n<meta property=\"og:image\" content=\"https:\/\/improven.com\/wp-content\/uploads\/2023\/11\/Imporven.png\" \/>\n\t<meta property=\"og:image:width\" content=\"840\" \/>\n\t<meta property=\"og:image:height\" content=\"480\" \/>\n\t<meta property=\"og:image:type\" content=\"image\/png\" \/>\n<meta name=\"twitter:card\" content=\"summary_large_image\" \/>\n<meta name=\"twitter:label1\" content=\"Temps estimat de lectura\" \/>\n\t<meta name=\"twitter:data1\" content=\"6 minuts\" \/>\n<script type=\"application\/ld+json\" class=\"yoast-schema-graph\">{\"@context\":\"https:\/\/schema.org\",\"@graph\":[{\"@type\":\"WebPage\",\"@id\":\"https:\/\/improven.com\/cat\/actualitat\/\",\"url\":\"https:\/\/improven.com\/cat\/actualitat\/\",\"name\":\"Art\u00edculos y noticias de actualidad | Improven\",\"isPartOf\":{\"@id\":\"https:\/\/improven.com\/cat\/#website\"},\"datePublished\":\"2023-10-25T07:53:58+00:00\",\"dateModified\":\"2024-07-03T11:24:12+00:00\",\"description\":\"Art\u00edculos y noticias de actualidad de Improven. Encontrar\u00e1s tambi\u00e9n entrevistas, eventos y publicaciones en revistas de actualidad econ\u00f3mica.\",\"inLanguage\":\"ca\",\"potentialAction\":[{\"@type\":\"ReadAction\",\"target\":[\"https:\/\/improven.com\/cat\/actualitat\/\"]}]},{\"@type\":\"WebSite\",\"@id\":\"https:\/\/improven.com\/cat\/#website\",\"url\":\"https:\/\/improven.com\/cat\/\",\"name\":\"Improven\",\"description\":\"\",\"potentialAction\":[{\"@type\":\"SearchAction\",\"target\":{\"@type\":\"EntryPoint\",\"urlTemplate\":\"https:\/\/improven.com\/cat\/?s={search_term_string}\"},\"query-input\":\"required name=search_term_string\"}],\"inLanguage\":\"ca\"}]}<\/script>\n<!-- \/ Yoast SEO plugin. -->","yoast_head_json":{"title":"Art\u00edculos y noticias de actualidad | Improven","description":"Art\u00edculos y noticias de actualidad de Improven. Encontrar\u00e1s tambi\u00e9n entrevistas, eventos y publicaciones en revistas de actualidad econ\u00f3mica.","robots":{"index":"index","follow":"follow","max-snippet":"max-snippet:-1","max-image-preview":"max-image-preview:large","max-video-preview":"max-video-preview:-1"},"canonical":"https:\/\/improven.com\/cat\/actualitat\/","og_locale":"ca_ES","og_type":"article","og_title":"Art\u00edculos y noticias de actualidad | Improven","og_description":"Art\u00edculos y noticias de actualidad de Improven. Encontrar\u00e1s tambi\u00e9n entrevistas, eventos y publicaciones en revistas de actualidad econ\u00f3mica.","og_url":"https:\/\/improven.com\/cat\/actualitat\/","og_site_name":"Improven","article_modified_time":"2024-07-03T11:24:12+00:00","og_image":[{"width":840,"height":480,"url":"https:\/\/improven.com\/wp-content\/uploads\/2023\/11\/Imporven.png","type":"image\/png"}],"twitter_card":"summary_large_image","twitter_misc":{"Temps estimat de lectura":"6 minuts"},"schema":{"@context":"https:\/\/schema.org","@graph":[{"@type":"WebPage","@id":"https:\/\/improven.com\/cat\/actualitat\/","url":"https:\/\/improven.com\/cat\/actualitat\/","name":"Art\u00edculos y noticias de actualidad | Improven","isPartOf":{"@id":"https:\/\/improven.com\/cat\/#website"},"datePublished":"2023-10-25T07:53:58+00:00","dateModified":"2024-07-03T11:24:12+00:00","description":"Art\u00edculos y noticias de actualidad de Improven. Encontrar\u00e1s tambi\u00e9n entrevistas, eventos y publicaciones en revistas de actualidad econ\u00f3mica.","inLanguage":"ca","potentialAction":[{"@type":"ReadAction","target":["https:\/\/improven.com\/cat\/actualitat\/"]}]},{"@type":"WebSite","@id":"https:\/\/improven.com\/cat\/#website","url":"https:\/\/improven.com\/cat\/","name":"Improven","description":"","potentialAction":[{"@type":"SearchAction","target":{"@type":"EntryPoint","urlTemplate":"https:\/\/improven.com\/cat\/?s={search_term_string}"},"query-input":"required name=search_term_string"}],"inLanguage":"ca"}]}},"_links":{"self":[{"href":"https:\/\/improven.com\/cat\/wp-json\/wp\/v2\/pages\/4747","targetHints":{"allow":["GET"]}}],"collection":[{"href":"https:\/\/improven.com\/cat\/wp-json\/wp\/v2\/pages"}],"about":[{"href":"https:\/\/improven.com\/cat\/wp-json\/wp\/v2\/types\/page"}],"author":[{"embeddable":true,"href":"https:\/\/improven.com\/cat\/wp-json\/wp\/v2\/users\/1"}],"replies":[{"embeddable":true,"href":"https:\/\/improven.com\/cat\/wp-json\/wp\/v2\/comments?post=4747"}],"version-history":[{"count":0,"href":"https:\/\/improven.com\/cat\/wp-json\/wp\/v2\/pages\/4747\/revisions"}],"wp:attachment":[{"href":"https:\/\/improven.com\/cat\/wp-json\/wp\/v2\/media?parent=4747"}],"curies":[{"name":"wp","href":"https:\/\/api.w.org\/{rel}","templated":true}]}}