{"id":3015,"date":"2023-09-27T09:51:20","date_gmt":"2023-09-27T09:51:20","guid":{"rendered":"https:\/\/23web26.esedigital-dev.ovh\/?page_id=3015"},"modified":"2023-11-07T10:02:09","modified_gmt":"2023-11-07T10:02:09","slug":"politica-de-privacidad","status":"publish","type":"page","link":"https:\/\/improven.com\/cat\/politica-de-privacitat\/","title":{"rendered":"Pol\u00edtica de privacitat"},"content":{"rendered":"<div data-elementor-type=\"wp-page\" data-elementor-id=\"3015\" class=\"elementor elementor-3015\" data-elementor-post-type=\"page\">\n\t\t\t\t\t\t\t<div class=\"elementor-element elementor-element-6c1e4be e-flex e-con-boxed elementor-invisible e-con e-parent\" data-id=\"6c1e4be\" data-element_type=\"container\" data-settings=\"{&quot;background_background&quot;:&quot;classic&quot;,&quot;animation&quot;:&quot;fadeIn&quot;,&quot;content_width&quot;:&quot;boxed&quot;}\" data-core-v316-plus=\"true\">\n\t\t\t\t\t<div class=\"e-con-inner\">\n\t\t\t\t<div class=\"elementor-element elementor-element-1aac457 elementor-widget elementor-widget-heading\" data-id=\"1aac457\" data-element_type=\"widget\" data-widget_type=\"heading.default\">\n\t\t\t\t<div class=\"elementor-widget-container\">\n\t\t\t<style>\/*! elementor - v3.17.0 - 01-11-2023 *\/\n.elementor-heading-title{padding:0;margin:0;line-height:1}.elementor-widget-heading .elementor-heading-title[class*=elementor-size-]>a{color:inherit;font-size:inherit;line-height:inherit}.elementor-widget-heading .elementor-heading-title.elementor-size-small{font-size:15px}.elementor-widget-heading .elementor-heading-title.elementor-size-medium{font-size:19px}.elementor-widget-heading .elementor-heading-title.elementor-size-large{font-size:29px}.elementor-widget-heading .elementor-heading-title.elementor-size-xl{font-size:39px}.elementor-widget-heading .elementor-heading-title.elementor-size-xxl{font-size:59px}<\/style><h1 class=\"elementor-heading-title elementor-size-default\">Pol\u00edtica de privacitat<\/h1>\t\t<\/div>\n\t\t\t\t<\/div>\n\t\t\t\t\t<\/div>\n\t\t\t\t<\/div>\n\t\t<div class=\"elementor-element elementor-element-a9ded3a e-flex e-con-boxed e-con e-parent\" data-id=\"a9ded3a\" data-element_type=\"container\" data-settings=\"{&quot;content_width&quot;:&quot;boxed&quot;}\" data-core-v316-plus=\"true\">\n\t\t\t\t\t<div class=\"e-con-inner\">\n\t\t\t\t<div class=\"elementor-element elementor-element-9df453f elementor-widget elementor-widget-text-editor\" data-id=\"9df453f\" data-element_type=\"widget\" data-widget_type=\"text-editor.default\">\n\t\t\t\t<div class=\"elementor-widget-container\">\n\t\t\t<style>\/*! elementor - v3.17.0 - 01-11-2023 *\/\n.elementor-widget-text-editor.elementor-drop-cap-view-stacked .elementor-drop-cap{background-color:#69727d;color:#fff}.elementor-widget-text-editor.elementor-drop-cap-view-framed .elementor-drop-cap{color:#69727d;border:3px solid;background-color:transparent}.elementor-widget-text-editor:not(.elementor-drop-cap-view-default) .elementor-drop-cap{margin-top:8px}.elementor-widget-text-editor:not(.elementor-drop-cap-view-default) .elementor-drop-cap-letter{width:1em;height:1em}.elementor-widget-text-editor .elementor-drop-cap{float:left;text-align:center;line-height:1;font-size:50px}.elementor-widget-text-editor .elementor-drop-cap-letter{display:inline-block}<\/style>\t\t\t\t<p>La\u00a0<strong>Pol\u00edtica de Privacitat<\/strong>\u00a0forma part de l'Av\u00eds Legal que regeix la P\u00e0gina Web:\u00a0<a href=\"https:\/\/improven.com\/cat\/\">www.improven.com<\/a>\u00a0juntament amb la Normativa d'\u00das de Cookies.<\/p><p>La p\u00e0gina Web\u00a0<a href=\"https:\/\/improven.com\/cat\/\">www.improven.com<\/a>\u00a0\u00e9s titularitat de Improven Consulting, S.L. i compleix amb els requisits derivats de la Llei 34\/2002, d'11 de juliol, de Serveis de la Societat de la Informaci\u00f3 i de Comer\u00e7 Electr\u00f2nic, i normativa vigent relativa a la protecci\u00f3 de dades de car\u00e0cter personal i, en particular, el Reglament (UE) 2016\/679 del Parlament Europeu i del Consell, de 27 d'abril de 2016, relatiu a la protecci\u00f3 de les persones f\u00edsiques pel que fa al tractament de dades personals i a la lliure circulaci\u00f3 d'aquestes dades.<\/p><p>Improven Consulting, S.L. es reserva el dret a modificar o adaptar la present Pol\u00edtica de Privacitat en tot moment. Per tant, li recomanem que revisi la mateixa cada vegada que accedeixi a la P\u00e0gina Web. En el cas que usuari s'hagi registrat en la p\u00e0gina web i accedeixi al seu compte o perfil, en accedir a aquesta, se l'informar\u00e0 en el cas que hi hagi hagut modificacions substancials en relaci\u00f3 amb el tractament de les seves dades personals.<\/p><p><strong>Qui \u00e9s el RESPONSABLE DEL TRACTAMENT?<\/strong><\/p><p>Les dades que es recullin o ens facilitis volunt\u00e0riament per mitj\u00e0 de la P\u00e0gina Web, ja sigui per la navegaci\u00f3 en aquesta, aix\u00ed com tots aquells que ens puguis facilitar en els formularis de contacte, via email o per tel\u00e8fon, seran recaptats i tractats pel Responsable del Fitxer, les dades del qual s'indiquen a continuaci\u00f3:<\/p><table><tbody><tr><td width=\"123\">Identitat<\/td><td width=\"444\">Improven Consulting, S.L.<\/td><\/tr><tr><td>\u00a0<\/td><\/tr><tr><td width=\"123\">CIF<\/td><td width=\"444\">B96920996<\/td><\/tr><tr><td>\u00a0<\/td><\/tr><tr><td width=\"123\">Direcci\u00f3n postal<\/td><td width=\"444\">C\/ Roger de Lauria, 19 \u2013 3A \u2013 46002 \u2013 Val\u00e8ncia (VAL\u00c8NCIA)<\/td><\/tr><tr><td>\u00a0<\/td><\/tr><tr><td width=\"123\">Tel\u00e9fono<\/td><td width=\"444\">902193989<\/td><\/tr><tr><td>\u00a0<\/td><\/tr><tr><td width=\"123\">Correo-e<\/td><td width=\"444\"><a href=\"mailto:responsableprotecciondedatos@improven.com\">responsableprotecciondedatos@improven.com<\/a><\/td><\/tr><tr><td>\u00a0<\/td><\/tr><tr><td width=\"123\">URL<\/td><td width=\"444\"><a href=\"https:\/\/improven.com\/cat\/\">www.improven.com<\/a><\/td><\/tr><tr><td>\u00a0<\/td><\/tr><tr><td width=\"123\">Registre Mercantil<\/td><td width=\"444\">VAL\u00c8NCIA, Tom 6510, Llibre 3815, Foli 151, Secci\u00f3 8, Fulla V-69384, Inscripci\u00f3 1a<\/td><\/tr><\/tbody><\/table><p>\u00a0<\/p><p>Si, per qualsevol motiu, vols posar-te en contacte amb nosaltres en qualsevol q\u00fcesti\u00f3 relacionada amb el tractament de les seves dades personals o privacitat (amb el nostre Delegat de Protecci\u00f3 de Dades), pots fer-ho a trav\u00e9s de qualsevol dels mitjans indicats anteriorment.<\/p><p><strong>Quan, per qu\u00e8, qui, com, per a qu\u00e8 i durant quant temps tractem les teves dades personals?<\/strong><\/p><p>Quan i per qu\u00e8?<br \/>Pots navegar per la majoria de les nostres p\u00e0gines web sense facilitar cap informaci\u00f3 personal, per\u00f2 en alguns casos aquesta informaci\u00f3 \u00e9s necess\u00e0ria per a proporcionar-te els serveis electr\u00f2nics que ens sol\u00b7licites.<\/p><p>Si necessitem recaptar dades personals per a prestar-te el servei, tractarem la informaci\u00f3 segons la pol\u00edtica exposada en aquest document i en les condicions espec\u00edfiques del concret servei de qu\u00e8 es tracti (si n'hi hagu\u00e9s), que contenen declaracions espec\u00edfiques de privacitat sobre l'\u00fas de les dades i t'informen de per qu\u00e8, per a qu\u00e8, com, durant quant temps tractem les teves dades personals i quines mesures de seguretat implementem.<\/p><p>Qui recapta les teves dades?<br \/>La recollida i tractament de les dades de car\u00e0cter personal que ens puguis facilitar, es duen a terme per la nostra entitat o, si \u00e9s el cas, els seus encarregats del tractament. En relaci\u00f3 a aquest \u00faltim cas, aquests encarregats s\u00f3n tercers als quals s'exigeix per contracte que la seva activitat respecti la legalitat i implementin les mesures de seguretat adequades per a protegir aquestes dades.<\/p><p>Per a qu\u00e8?<br \/>Les dades personals que et sol\u00b7licitem, o que ens facilitis en ra\u00f3 de la teva navegaci\u00f3, ens serveixen per a gestionar, prestar i millorar els serveis que ens has sol\u00b7licitat.<\/p><p>Per exemple, tractarem dades personals teves per a poder gestionar les consultes que ens envi\u00efs, per a poder gestionar la teva participaci\u00f3 en processos de selecci\u00f3 de personal, per a enviar-te comunicacions electr\u00f2niques en el cas que aix\u00ed ens el sol\u00b7licitessis, i\/o per a la confecci\u00f3 d'estad\u00edstiques.<\/p><p>En aquest sentit, et sol\u00b7licitem un correu electr\u00f2nic quan uses els nostres formularis de contacte en la web. Nom\u00e9s recollim les dades personals del remitent necessaris per a respondre't.<\/p><p>Quan et subscrius als nostres butlletins tamb\u00e9 et sol\u00b7licitem un correu electr\u00f2nic per a poder prestar-te el servei, en qualsevol cas, pots gestionar la teva baixa del servei quan ho desitgis i posem mitjans a la teva disposici\u00f3 per a fer-ho.<\/p><p>Com tractem les teves dades?<br \/>Recollim exclusivament la informaci\u00f3 personal en la mesura necess\u00e0ria per a aconseguir un prop\u00f2sit espec\u00edfic. La informaci\u00f3 no s'utilitzar\u00e0 per a una finalitat incompatible amb la descrita.<\/p><p>Solament revelem la informaci\u00f3 a tercers si \u00e9s necess\u00e0ria per al compliment de la finalitat del servei i \u00fanicament a les persones que han de con\u00e8ixer-los. Tot aix\u00f2 a fi de que es pugui prestar el servei tractant les teves dades personals amb confidencialitat i reserva, conforme a la legislaci\u00f3 vigent.<\/p><p>En tot cas, la nostra entitat adopta mesures de seguretat per a protegir les dades contra un possible ab\u00fas o acc\u00e9s no autoritzat, alteraci\u00f3 o p\u00e8rdua.<\/p><p>Quant temps guardem les teves dades?<br \/>Guardem les dades solament pel temps necessari per a complir la finalitat de la seva recollida o del seu processament posterior. El per\u00edode de conservaci\u00f3 de les dades dependr\u00e0 del servei i en cada servei s'indicar\u00e0 la durada del tractament de dades personals.<\/p><p>Al final d'aquest document et facilitem una taula amb els per\u00edodes espec\u00edfics de conservaci\u00f3.<\/p><p><strong>que finalitats tractarem les seves dades personals?<\/strong><\/p><p>\u2013 Clients:<br \/>Tractem les seves dades personals amb la finalitat de (i) gestionar la seva compra o servei prestat; (ii) mantenir la relaci\u00f3 contractual i precontractual per a la facturaci\u00f3, elaboraci\u00f3 de pressupostos i fer seguiment del mateix aix\u00ed com remetre-li informaci\u00f3 per mitjans electr\u00f2nics que versin sobre la teva sol\u00b7licitud; (iii) enviament de comunicacions sobre informaci\u00f3 comercial per mitjans electr\u00f2nics que puguin resultar del seu inter\u00e8s, sempre que existeixi autoritzaci\u00f3 expressa; (iv) podrem elaborar un perfil comercial amb base en la informaci\u00f3 que ens faciliti amb la finalitat de poder oferir-li productes i serveis d'acord amb els seus interessos. No es prendran decisions automatitzades sobre la base d'aquest perfil.<\/p><p>\u2013 Prove\u00efdors:<br \/>Tractem les seves dades personals amb la finalitat de (i) facturaci\u00f3 i (ii) mantenir el contacte comercial, (iii) aix\u00ed com remetre-li informaci\u00f3 per mitjans electr\u00f2nics sobre els nostres productes o serveis.<\/p><p>\u2013 Contactes de la web o del correu electr\u00f2nic:<br \/>Tractem les seves dades personals amb la finalitat de (i) contestar les seves consultes i sol\u00b7licituds; (ii) gestionar el servei sol\u00b7licitat o tramitar la seva comanda; (iii) remetre-li informaci\u00f3 comercial per mitjans electr\u00f2nics que puguin resultar del seu inter\u00e8s, sempre que existeixi autoritzaci\u00f3 expressa; (iv) podrem elaborar un perfil comercial amb base en la informaci\u00f3 que ens faciliti amb la finalitat de poder oferir-li productes i serveis d'acord amb els seus interessos. No es prendran decisions automatitzades sobre la base d'aquest perfil.<\/p><p>\u2013 Contactes xarxes socials:<br \/>Tractem les seves dades personals amb la finalitat de (i) contestar les seves consultes i sol\u00b7licituds, (ii) gestionar el servei sol\u00b7licitat, contestar la seva sol\u00b7licitud o tramitar la seva demanat e (iii) interactuar amb tu i crear una comunitat de seguidors.<\/p><p>\u2013 Demandants d'ocupaci\u00f3:<br \/>Tractem les seves dades personals amb la finalitat de (i) comptar amb tu en els processos de selecci\u00f3 de contractaci\u00f3, (ii) citar-li per a entrevistes de treball i avaluar la seva candidatura, (iii) comunicar el seu curr\u00edculum a empreses del grup, col\u00b7laboradores o afins amb l'\u00fanic objectiu de fer-li part\u00edcip en els seus processos de selecci\u00f3, sempre que ens hagis donat el seu consentiment.<\/p><p>\u2013 Usuaris de la web:<br \/>Per navegar per la nostra web recopilem informaci\u00f3 sobre el seu navegador, el seu dispositiu i les dades de l'\u00fas que realitzi de la nostra p\u00e0gina web, aix\u00ed com qualsevol informaci\u00f3 que ens proporcioni en utilitzar la nostra web. De forma anonimitzada o agregada, podrem registrar l'adre\u00e7a IP (n\u00famero d'identificaci\u00f3 de l'acc\u00e9s a Internet del dispositiu, que permet als dispositius, sistemes i servidors recon\u00e8ixer-se i comunicar-se entre si).<\/p><p>La finalitat del tractament \u00e9s (i) obtenir un coneixement pr\u00e0ctic sobre el mode en qu\u00e8 els usuaris utilitzen la nostra p\u00e0gina web que ens permeti millorar-la; (ii) realitzar an\u00e0lisis estad\u00edstiques que ens ajudi a millorar la nostra estrat\u00e8gia comercial; (iii) realitzar anal\u00edtiques de rendiment de la web i (iv) per seguretat t\u00e8cnica i diagn\u00f2stic de sistemes.<\/p><p>Les dades que obtenim no estan relacionats amb un usuari concret i s'emmagatzemaran en les nostres bases de dades.<\/p><p>Les dades anteriorment esmentades, aix\u00ed com les dades personals que si \u00e9s el cas ens faciliti, s'emmagatzemen mitjan\u00e7ant cookies que es recullen en un format seudonimizados i es troben subjectes a la presentaci\u00f3 d'objeccions al tractament d'aquestes dades personals, com es detalla en la Pol\u00edtica de Cookies.<\/p><p>Pot consultar la Pol\u00edtica de Cookies en l'apartat corresponent.<\/p><p>La informaci\u00f3 de la seva navegaci\u00f3 pot emmagatzemar-se mitjan\u00e7ant Google Analytics, per la qual cosa ens remetem a la Pol\u00edtica de Privacitat de Google, ja que aquest recapta i tracta tal informaci\u00f3.\u00a0<a href=\"https:\/\/www.google.com\/intl\/en\/policies\/privacy\/\">https:\/\/www.google.com\/intl\/en\/policies\/privacy\/<\/a><\/p><p>De la mateixa manera, des de la nostra p\u00e0gina web es pot facilitar la utilitat de Google Maps, la qual podria tenir acc\u00e9s a la teva ubicaci\u00f3, en el cas que li ho permetis, amb la finalitat de facilitar-te una major especificitat sobre la dist\u00e0ncia i\/o camins a les nostres seus. Referent a aix\u00f2, ens remetem a la pol\u00edtica de privacitat utilitzada per Google Maps, amb la finalitat de con\u00e8ixer l'\u00fas i tractament de tals dades\u00a0<a href=\"https:\/\/www.google.com\/intl\/en\/policies\/privacy\/\">https:\/\/www.google.com\/intl\/en\/policies\/privacy\/<\/a><\/p><p>A fi d'oferir informaci\u00f3 o serveis d'inter\u00e8s en funci\u00f3 de la localitzaci\u00f3 de l'Usuari, podrem accedir a dades relatives a la geolocalitzaci\u00f3 del dispositiu de l'Usuari en aquells casos en qu\u00e8 la configuraci\u00f3 de l'usuari a aquest efecte aix\u00ed ho permeti.<\/p><p>El Portal pot oferir funcionalitats per a compartir continguts a trav\u00e9s d'aplicacions de tercers, com Facebook o Twitter. Aquestes aplicacions poden recollir i tractar informaci\u00f3 relacionada amb la navegaci\u00f3 de l'usuari en els diferents llocs webs. Qualsevol informaci\u00f3 personal que sigui recaptada a trav\u00e9s d'aquestes aplicacions pot ser utilitzada per tercers usuaris d'aquestes. Les seves interaccions estan sotmeses a les pol\u00edtiques de privacitat de les companyies que faciliten les aplicacions.<\/p><p>El Portal pot allotjar blogs, f\u00f2rums, i altres aplicacions o serveis de xarxes socials amb la finalitat de facilitar l'intercanvi de coneixement i contingut. Qualsevol informaci\u00f3 personal que es faciliti per l'usuari pot ser compartida amb altres usuaris d'aquest servei, sobre els quals no tenim cap control.<\/p><p><strong>Quina \u00e9s la legitimaci\u00f3 per al tractament de les seves dades?<\/strong><\/p><p>\u2013 Clients:<br \/>La base legal per al tractament de les seves dades \u00e9s (i) l'execuci\u00f3 d'un contracte i manteniment de la relaci\u00f3 contractual i (ii) el seu consentiment que se li sol\u00b7licita per a la remissi\u00f3 d'ofertes de productes i serveis a trav\u00e9s de mitjans electr\u00f2nics, sense que en cap cas la retirada d'aquest consentiment condicioni l'execuci\u00f3 del contracte.<\/p><p>\u2013 Prove\u00efdors:<br \/>La base legal per al tractament de les seves dades \u00e9s (i) l'execuci\u00f3 d'un contracte en el qual l'interessat \u00e9s part o per a l'aplicaci\u00f3 de mesures precontractuals.<\/p><p>\u2013 Contactes de la web o del correu electr\u00f2nic:<br \/>La base legal per al tractament de les seves dades \u00e9s (i) el consentiment de l'interessat.<\/p><p>En aquells casos on per a realitzar una sol\u00b7licitud sigui necessari emplenar un formulari i fer un \u00abclic\u00bb en el bot\u00f3 d'enviar, la realitzaci\u00f3 del mateix implicar\u00e0 necess\u00e0riament que ha estat informat i ha atorgat expressament el seu consentiment al contingut de la cl\u00e0usula annexada a aquest formulari o acceptaci\u00f3 de la pol\u00edtica de privacitat.<\/p><p>Tots els nostres formularis compten amb una casella de verificaci\u00f3 que \u00e9s necessari marcar per a accedir als serveis que s'ofereixen.<\/p><p>\u2013 Contactes xarxes socials:<br \/>La base legal per al tractament de les seves dades \u00e9s l'acceptaci\u00f3 de la relaci\u00f3 contractual amb el prove\u00efdor de la xarxa social corresponent manifestada en donar-se d'alta en la seva aplicaci\u00f3 i conforme a les seves pol\u00edtiques de privacitat, que \u00e9s externa a nosaltres.<\/p><p>\u2013 Demandants d'ocupaci\u00f3:<br \/>La base legal per al tractament de les seves dades \u00e9s el seu consentiment inequ\u00edvoc, en lliurar-nos el seu CV i rebre i signar la informaci\u00f3 relativa als tractaments que efectuarem.<\/p><p>\u2013 Usuaris de la web:<br \/>La base legal per al tractament de les dades \u00e9s nostre (i) inter\u00e8s leg\u00edtim a con\u00e8ixer els modes de navegaci\u00f3 dels nostres usuaris per a adaptar-nos als seus interessos i millorar la nostra relaci\u00f3 amb ells; aix\u00ed com (ii) el seu consentiment en navegar per la nostra web i acceptar els termes d'\u00fas de les cookies.<\/p><p><strong>A quins destinataris es comunicaran les seves dades?<\/strong><\/p><p>Les seves dades no se cediran a tercers aliens al servei que prestem, excepte obligaci\u00f3 legal. En concret es comunicaran a l'Ag\u00e8ncia Estatal de l'Administraci\u00f3 Tribut\u00e0ria i a bancs i entitats financeres per al cobrament del servei prestat o producte adquirit.<\/p><p>Tamb\u00e9 podran ser comunicats les seves dades als nostres prove\u00efdors de serveis quan sigui necessari per a l'execuci\u00f3 del contracte. En aquests casos, l'encarregat de tractament s'ha comprom\u00e8s per contracte a emprar les dades nom\u00e9s per al fi que justifica el tractament i mantenir mesures de seguretat adequades.<\/p><p><strong>Quines mesures de seguretat apliquem?<\/strong><\/p><p>Pot estar tranquil, hem adoptat mesures t\u00e8cniques i organitzatives adequades per a garantir la confidencialitat, integritat i disponibilitat en el tractament de les seves dades personals que realitzem, en concret aquelles que eviten la p\u00e8rdua, mal \u00fas, alteraci\u00f3, acc\u00e9s no autoritzat i robatori de les dades personals.<\/p><p><strong>Quins s\u00f3n els seus drets quan ens facilita les seves dades?<\/strong><\/p><p>Pot exercir els seus drets d'acc\u00e9s, rectificaci\u00f3, supressi\u00f3, portabilitat, limitaci\u00f3 o oposici\u00f3 al tractament de les seves dades, incl\u00f2s el dret a retirar el seu consentiment prestat, conforme es detalla a continuaci\u00f3:<\/p><ul><li>Dret d'acc\u00e9s: Pots preguntar-nos si estem tractant les seves dades i de quina manera.<\/li><li>Dret de rectificaci\u00f3: Pots demanar-nos que actualitzem les teves dades personals si s\u00f3n incorrectes, i suprimir-los si aix\u00ed ho desitges.<\/li><li>Dret de limitaci\u00f3 del tractament: En aquest cas \u00fanicament seran conservats per nosaltres per a l'exercici o la defensa de reclamacions.<\/li><li>Dret d'oposici\u00f3: Despr\u00e9s de la teva sol\u00b7licitud d'oposici\u00f3 al tractament, deixarem de tractar les dades en la forma que indiquis, tret que per motius leg\u00edtims imperiosos o l'exercici o la defensa de possibles reclamacions s'hagin de continuar tractant.<\/li><li>Dret a la portabilitat de les dades: En cas que vulguis que les teves dades siguin tractades per una altra empresa, et facilitarem la portabilitat de les teves dades al nou responsable.<\/li><li>Dret de supressi\u00f3: Pots sol\u00b7licitar que eliminem les teves dades quan ja no siguin necessaris per al tractament, retiris el teu consentiment, sigui un tractament il\u00b7l\u00edcit o hi hagi una obligaci\u00f3 legal de fer-lo. Analitzarem el sup\u00f2sit i aplicarem la llei.<\/li><\/ul><p>Si necessites m\u00e9s informaci\u00f3 sobre quins drets tens reconeguts en la Llei i com exercir-los, et recomanem dirigir-te a la\u00a0<a href=\"https:\/\/www.aepd.es\/\">Ag\u00e8ncia Espanyola de Protecci\u00f3 de Dades<\/a>, que \u00e9s l'autoritat de control en mat\u00e8ria de protecci\u00f3 de dades.<\/p><p>En el cas que no t'h\u00e0gim at\u00e8s l'exercici dels seus drets pots presentar una reclamaci\u00f3 davant l'Ag\u00e8ncia Espanyola de Protecci\u00f3 de Dades.<\/p><p>Disposem de formularis per a l'exercici de drets que poden ser sol\u00b7licitats al correu electr\u00f2nic citat m\u00e9s amunt; tamb\u00e9 pot utilitzar els elaborats per l'Ag\u00e8ncia Espanyola de Protecci\u00f3 de Dades o els de tercers. Aquests formularis hauran d'anar signats electr\u00f2nicament o ser acompanyats de fotoc\u00f2pia del DNI. Si s'actua per mitj\u00e0 de representant de la mateixa manera haur\u00e0 d'anar acompanyat de c\u00f2pia del seu DNI o amb signatura electr\u00f2nica.<\/p><p>Els formularis hauran de ser presentats presencialment o remesos per correu postal o electr\u00f2nic en les adreces que apareixen en l'apartat \u00abResponsable\u00bb.<\/p><p>El termini m\u00e0xim per a resoldre \u00e9s el d'un mes a comptar des de la recepci\u00f3 de la seva sol\u00b7licitud.<\/p><p><strong>Per quant temps conservarem les seves dades?<\/strong><\/p><p>Les dades personals seran mantinguts mentre mantingui la vinculaci\u00f3 amb nosaltres.<\/p><p>En finalitzar el mateix, les dades personals tractats en cadascuna de les finalitats indicades es mantindran durant els terminis legalment previstos. En cas de no existir aquest termini legal fins que l'interessat sol\u00b7liciti la seva supressi\u00f3 o arrebossat el consentiment atorgat, o durant el termini que un jutge o tribunal els pugui requerir atenent el termini de prescripci\u00f3 d'accions judicials.<\/p><p>En cada tractament o tipologia de dades, et facilitem un per\u00edode espec\u00edfic, que pots consultar en la seg\u00fcent taula:<\/p><p>\u00a0<\/p><table><tbody><tr><td width=\"120\">Fichero<\/td><td width=\"447\"><table><tbody><tr><td width=\"300\">Document<\/td><td width=\"147\">Conservaci\u00f3<\/td><\/tr><\/tbody><\/table><\/td><\/tr><tr><td>\u00a0<\/td><\/tr><tr><td width=\"120\">Clients<\/td><td width=\"447\"><table><tbody><tr><td width=\"300\">Factures.<\/td><td width=\"147\">10 anys<\/td><\/tr><tr><td>\u00a0<\/td><\/tr><tr><td width=\"300\">Formularis i cupons.<\/td><td width=\"147\">15 anys<\/td><\/tr><tr><td>\u00a0<\/td><\/tr><tr><td width=\"300\">Contractes.<\/td><td width=\"147\">5 anys<\/td><\/tr><\/tbody><\/table><\/td><\/tr><tr><td>\u00a0<\/td><\/tr><tr><td width=\"120\">Recursos Humans<\/td><td width=\"447\"><table><tbody><tr><td width=\"300\">N\u00f2mines, TC1, TC2, etc.<\/td><td width=\"147\">10 anys<\/td><\/tr><tr><td>\u00a0<\/td><\/tr><tr><td width=\"300\">Curr\u00edculums.<\/td><td width=\"147\">Fins a la fi del proc\u00e9s de selecci\u00f3, i 1 any m\u00e9s amb el teu consentiment<\/td><\/tr><tr><td>\u00a0<\/td><\/tr><tr><td width=\"300\">Contractes.<br \/>Dades de treballadors temporals.<\/td><td width=\"147\">4 anys<\/td><\/tr><tr><td>\u00a0<\/td><\/tr><tr><td width=\"300\">Expedient del treballador.<\/td><td width=\"147\">Fins a 5 anys despr\u00e9s de la baixa<\/td><\/tr><\/tbody><\/table><\/td><\/tr><tr><td>\u00a0<\/td><\/tr><tr><td width=\"120\">M\u00e0rqueting<\/td><td width=\"447\"><table><tbody><tr><td width=\"300\">Bases de dades o visitants de la web.<\/td><td width=\"147\">Mentre duri el tractament<\/td><\/tr><\/tbody><\/table><\/td><\/tr><tr><td>\u00a0<\/td><\/tr><tr><td width=\"120\">Prove\u00efdors<\/td><td width=\"447\"><table><tbody><tr><td width=\"300\">Factures.<\/td><td width=\"147\">10 anys<\/td><\/tr><tr><td>\u00a0<\/td><\/tr><tr><td width=\"300\">Contractes.<\/td><td width=\"147\">5 anys<\/td><\/tr><\/tbody><\/table><\/td><\/tr><tr><td>\u00a0<\/td><\/tr><tr><td width=\"120\">Control d'acc\u00e9s i videovigil\u00e0ncia<\/td><td width=\"447\"><table><tbody><tr><td width=\"300\">Llista de visitants.<\/td><td width=\"147\">30 dies<\/td><\/tr><tr><td>\u00a0<\/td><\/tr><tr><td width=\"300\">V\u00eddeos.<\/td><td width=\"147\">30 dies bloquejo<br \/>3 anys destrucci\u00f3<\/td><\/tr><\/tbody><\/table><\/td><\/tr><tr><td>\u00a0<\/td><\/tr><tr><td width=\"120\">Comptabilitat<\/td><td width=\"447\"><table><tbody><tr><td width=\"300\">Llibres i Documents comptables.<\/td><td width=\"147\">6 anys<\/td><\/tr><\/tbody><\/table><\/td><\/tr><tr><td>\u00a0<\/td><\/tr><tr><td width=\"120\">Fiscal<\/td><td width=\"447\"><table><tbody><tr><td width=\"300\">Gesti\u00f3 de l'administraci\u00f3 de l'empresa, drets i obligacions relatius al pagament d'impostos.<\/td><td width=\"147\">10 anys<\/td><\/tr><\/tbody><\/table><\/td><\/tr><tr><td>\u00a0<\/td><\/tr><tr><td width=\"120\">Seguretat i Salut<\/td><td width=\"447\"><table><tbody><tr><td width=\"300\">Registres M\u00e8dics de Treballadors.<\/td><td width=\"147\">5 anys<\/td><\/tr><\/tbody><\/table><\/td><\/tr><tr><td>\u00a0<\/td><\/tr><tr><td width=\"120\">Assegurances<\/td><td width=\"447\"><table><tbody><tr><td width=\"300\">P\u00f2lisses d'assegurances.<\/td><td width=\"147\">6 anys (regla general)<br \/>2 anys (danys)<\/td><\/tr><\/tbody><\/table><\/td><\/tr><tr><td>\u00a0<\/td><\/tr><tr><td width=\"120\">Compres<\/td><td width=\"447\"><table><tbody><tr><td width=\"300\">Registre totes les lliurades de b\u00e9ns o prestaci\u00f3 de serveis, adquisicions intracomunit\u00e0ries, importacions i exportacions a l'efecte d'IVA.<\/td><td width=\"147\">5 anys<\/td><\/tr><\/tbody><\/table><\/td><\/tr><tr><td>\u00a0<\/td><\/tr><tr><td width=\"120\">LOPD<\/td><td width=\"447\"><table><tbody><tr><td width=\"300\">Tractament de dades personals.<\/td><td width=\"147\">3 anys<\/td><\/tr><tr><td>\u00a0<\/td><\/tr><tr><td width=\"300\">Dades personals d'empleats emmagatzemats en les xarxes, ordinadors i equips de comunicacions utilitzats per aquests, controls d'acc\u00e9s i sistemes de gesti\u00f3\/administraci\u00f3 interns.<\/td><td width=\"147\">5 anys<\/td><\/tr><\/tbody><\/table><\/td><\/tr><\/tbody><\/table>\t\t\t\t\t\t<\/div>\n\t\t\t\t<\/div>\n\t\t\t\t\t<\/div>\n\t\t\t\t<\/div>\n\t\t\t\t\t\t\t<\/div>","protected":false},"excerpt":{"rendered":"<p>La\u00a0Pol\u00edtica de Privacidad\u00a0forma parte del Aviso Legal que rige la P\u00e1gina Web:\u00a0www.improven.com\u00a0junto con la Normativa de Uso de Cookies. La p\u00e1gina Web\u00a0www.improven.com\u00a0es titularidad de Improven Consulting, S.L. y cumple con los requisitos derivados de la Ley 34\/2002, de 11 de julio, de Servicios de la Sociedad de la Informaci\u00f3n y de Comercio Electr\u00f3nico, y normativa [&hellip;]<\/p>","protected":false},"author":1,"featured_media":0,"parent":0,"menu_order":0,"comment_status":"closed","ping_status":"closed","template":"","meta":{"_acf_changed":false,"footnotes":""},"class_list":["post-3015","page","type-page","status-publish","hentry"],"acf":[],"yoast_head":"<!-- This site is optimized with the Yoast SEO plugin v21.2 - https:\/\/yoast.com\/wordpress\/plugins\/seo\/ -->\n<title>Pol\u00edtica de privacidad - Improven<\/title>\n<meta name=\"robots\" content=\"index, follow, max-snippet:-1, max-image-preview:large, max-video-preview:-1\" \/>\n<link rel=\"canonical\" href=\"https:\/\/improven.com\/cat\/politica-de-privacitat\/\" \/>\n<meta property=\"og:locale\" content=\"ca_ES\" \/>\n<meta property=\"og:type\" content=\"article\" \/>\n<meta property=\"og:title\" content=\"Pol\u00edtica de privacidad - Improven\" \/>\n<meta property=\"og:description\" content=\"La\u00a0Pol\u00edtica de Privacidad\u00a0forma parte del Aviso Legal que rige la P\u00e1gina Web:\u00a0www.improven.com\u00a0junto con la Normativa de Uso de Cookies. La p\u00e1gina Web\u00a0www.improven.com\u00a0es titularidad de Improven Consulting, S.L. y cumple con los requisitos derivados de la Ley 34\/2002, de 11 de julio, de Servicios de la Sociedad de la Informaci\u00f3n y de Comercio Electr\u00f3nico, y normativa [&hellip;]\" \/>\n<meta property=\"og:url\" content=\"https:\/\/improven.com\/cat\/politica-de-privacitat\/\" \/>\n<meta property=\"og:site_name\" content=\"Improven\" \/>\n<meta property=\"article:modified_time\" content=\"2023-11-07T10:02:09+00:00\" \/>\n<meta name=\"twitter:card\" content=\"summary_large_image\" \/>\n<meta name=\"twitter:label1\" content=\"Temps estimat de lectura\" \/>\n\t<meta name=\"twitter:data1\" content=\"13 minuts\" \/>\n<script type=\"application\/ld+json\" class=\"yoast-schema-graph\">{\"@context\":\"https:\/\/schema.org\",\"@graph\":[{\"@type\":\"WebPage\",\"@id\":\"https:\/\/improven.com\/cat\/politica-de-privacitat\/\",\"url\":\"https:\/\/improven.com\/cat\/politica-de-privacitat\/\",\"name\":\"Pol\u00edtica de privacidad - Improven\",\"isPartOf\":{\"@id\":\"https:\/\/improven.com\/cat\/#website\"},\"datePublished\":\"2023-09-27T09:51:20+00:00\",\"dateModified\":\"2023-11-07T10:02:09+00:00\",\"inLanguage\":\"ca\",\"potentialAction\":[{\"@type\":\"ReadAction\",\"target\":[\"https:\/\/improven.com\/cat\/politica-de-privacitat\/\"]}]},{\"@type\":\"WebSite\",\"@id\":\"https:\/\/improven.com\/cat\/#website\",\"url\":\"https:\/\/improven.com\/cat\/\",\"name\":\"Improven\",\"description\":\"\",\"potentialAction\":[{\"@type\":\"SearchAction\",\"target\":{\"@type\":\"EntryPoint\",\"urlTemplate\":\"https:\/\/improven.com\/cat\/?s={search_term_string}\"},\"query-input\":\"required name=search_term_string\"}],\"inLanguage\":\"ca\"}]}<\/script>\n<!-- \/ Yoast SEO plugin. -->","yoast_head_json":{"title":"Pol\u00edtica de privacidad - Improven","robots":{"index":"index","follow":"follow","max-snippet":"max-snippet:-1","max-image-preview":"max-image-preview:large","max-video-preview":"max-video-preview:-1"},"canonical":"https:\/\/improven.com\/cat\/politica-de-privacitat\/","og_locale":"ca_ES","og_type":"article","og_title":"Pol\u00edtica de privacidad - Improven","og_description":"La\u00a0Pol\u00edtica de Privacidad\u00a0forma parte del Aviso Legal que rige la P\u00e1gina Web:\u00a0www.improven.com\u00a0junto con la Normativa de Uso de Cookies. La p\u00e1gina Web\u00a0www.improven.com\u00a0es titularidad de Improven Consulting, S.L. y cumple con los requisitos derivados de la Ley 34\/2002, de 11 de julio, de Servicios de la Sociedad de la Informaci\u00f3n y de Comercio Electr\u00f3nico, y normativa [&hellip;]","og_url":"https:\/\/improven.com\/cat\/politica-de-privacitat\/","og_site_name":"Improven","article_modified_time":"2023-11-07T10:02:09+00:00","twitter_card":"summary_large_image","twitter_misc":{"Temps estimat de lectura":"13 minuts"},"schema":{"@context":"https:\/\/schema.org","@graph":[{"@type":"WebPage","@id":"https:\/\/improven.com\/cat\/politica-de-privacitat\/","url":"https:\/\/improven.com\/cat\/politica-de-privacitat\/","name":"Pol\u00edtica de privacidad - Improven","isPartOf":{"@id":"https:\/\/improven.com\/cat\/#website"},"datePublished":"2023-09-27T09:51:20+00:00","dateModified":"2023-11-07T10:02:09+00:00","inLanguage":"ca","potentialAction":[{"@type":"ReadAction","target":["https:\/\/improven.com\/cat\/politica-de-privacitat\/"]}]},{"@type":"WebSite","@id":"https:\/\/improven.com\/cat\/#website","url":"https:\/\/improven.com\/cat\/","name":"Improven","description":"","potentialAction":[{"@type":"SearchAction","target":{"@type":"EntryPoint","urlTemplate":"https:\/\/improven.com\/cat\/?s={search_term_string}"},"query-input":"required name=search_term_string"}],"inLanguage":"ca"}]}},"_links":{"self":[{"href":"https:\/\/improven.com\/cat\/wp-json\/wp\/v2\/pages\/3015","targetHints":{"allow":["GET"]}}],"collection":[{"href":"https:\/\/improven.com\/cat\/wp-json\/wp\/v2\/pages"}],"about":[{"href":"https:\/\/improven.com\/cat\/wp-json\/wp\/v2\/types\/page"}],"author":[{"embeddable":true,"href":"https:\/\/improven.com\/cat\/wp-json\/wp\/v2\/users\/1"}],"replies":[{"embeddable":true,"href":"https:\/\/improven.com\/cat\/wp-json\/wp\/v2\/comments?post=3015"}],"version-history":[{"count":0,"href":"https:\/\/improven.com\/cat\/wp-json\/wp\/v2\/pages\/3015\/revisions"}],"wp:attachment":[{"href":"https:\/\/improven.com\/cat\/wp-json\/wp\/v2\/media?parent=3015"}],"curies":[{"name":"wp","href":"https:\/\/api.w.org\/{rel}","templated":true}]}}